{"id":1639,"date":"2024-01-08T06:36:07","date_gmt":"2024-01-08T05:36:07","guid":{"rendered":"http:\/\/www.msc-wiesau.de\/wordpress\/?page_id=1639"},"modified":"2024-12-18T06:43:21","modified_gmt":"2024-12-18T05:43:21","slug":"msc-wiesau-aktuell-2024","status":"publish","type":"page","link":"https:\/\/www.msc-wiesau.de\/wordpress\/msc-wiesau-aktuell-2024\/","title":{"rendered":"MSC Wiesau Aktuell 2024"},"content":{"rendered":"<table style=\"border-collapse: collapse; width: 100%;\">\n<tbody>\n<tr>\n<td style=\"width: 100%;\"><strong>Ehrungen der Motorsportler und R\u00fcckschau auf die Saison beim MSC Wiesau<\/strong><\/td>\n<\/tr>\n<tr>\n<td style=\"width: 100%;\">Traditionell mit der Weihnachtsfeier feierte der MSC Wiesau den Abschluss der Saison 2024.<br \/>\nIm Gasthof Bayerischer Hof konnte letzten Samstag der 1.Vorsitzender Franz H\u00f6cht neben zahlreichen Clubmitgliedern auch den 2.B\u00fcrgermeister der Marktgemeinde Wiesau Michael Dutz begr\u00fc\u00dfen. Auch Ehrenmitglied Horst Otto Seidel lie\u00df es sich nicht nehmen der Feier beizuwohnen. In seinen Gru\u00dfworten dankte Michael Dutz dem MSC f\u00fcr seine Arbeit im Vereinsgeschehen der Gemeinde Wiesau. Franz H\u00f6cht bedankte sich bei Richard Meierl von der BRK Bereitschaft Wiesau mit einer Spende f\u00fcr die Unterst\u00fctzung bei Veranstaltungen. Der Nikolaus trug aus dem Goldenen Buch wieder die Ereignisse der Aktiven der Saison vor. In einem R\u00fcckblick lie\u00df Karl-Heinz Dietrich die Veranstaltungen aus diesem Jahr in Erinnerung bringen. Dieser wurde durch eine Bildpr\u00e4sentation unterst\u00fctzt. Anschlie\u00dfend erfolgten die Ehrungen der besten Sportler des Vereins. Bei der Jugend in der Sparte Kartslalom hei\u00dft der Meister 2024 Leonas Grabe. Platz 2 und 3 gingen an Ben Koller und Ludwig Tischlinger. Die Pl\u00e4tze 4-6 belegten Karl Tischlinger, Dominik Fr\u00f6hlich und Leonard Schuller. Andreas Sirtl gewann die 270 er Kart-Wertung vor Johannes J\u00e4ger, Nico Sirtl und Julia Faltis. Mikka Trapp gewann die Wertung der Rundstrecke. Sven Seidel konnte seinen Titel von 2023 im Autoslalom verteidigen. Auf Rang 2 kam Neumitglied Dominik Schraml. Es folgten Stefan M\u00fcller, Hansi Walter und Karl-Heinz Dietrich auf den R\u00e4ngen 3 bis 5. Franz Negratschker Jun. hei\u00dft der Meister im Rallyesport. Beim Oldtimerslalom hatte Manfred Keller die Nase vorn. Platz 2 und 3 auf den Treppchen an Hansi Walter und Emeran Zeitler. Ori-Meister wurde Manfred Keller. Eine Sonderehrung f\u00fcr \u00fcberregionale Erfolge gab es f\u00fcr Sven Seidel, Manfred Keller und Andreas Sirtl.<br \/>\nAbschlie\u00dfen bedankte sich Karl-Heinz Dietrich bei den Mitgliedern und Helfern f\u00fcr die geleistete Arbeit \u00fcber das gesamte Jahr und gab einen kurzen \u00dcberblick auf die kommende Saison.<\/td>\n<\/tr>\n<tr>\n<td style=\"width: 100%; text-align: center;\"><img loading=\"lazy\" decoding=\"async\" class=\"alignnone size-full wp-image-1962\" src=\"https:\/\/www.msc-wiesau.de\/wordpress\/wp-content\/uploads\/2024\/12\/e4717fe4-1661-421a-90cd-c41dfc1d56ba-e1734425173308.jpeg\" alt=\"\" width=\"1188\" height=\"598\" srcset=\"https:\/\/www.msc-wiesau.de\/wordpress\/wp-content\/uploads\/2024\/12\/e4717fe4-1661-421a-90cd-c41dfc1d56ba-e1734425173308.jpeg 1188w, https:\/\/www.msc-wiesau.de\/wordpress\/wp-content\/uploads\/2024\/12\/e4717fe4-1661-421a-90cd-c41dfc1d56ba-e1734425173308-300x151.jpeg 300w, https:\/\/www.msc-wiesau.de\/wordpress\/wp-content\/uploads\/2024\/12\/e4717fe4-1661-421a-90cd-c41dfc1d56ba-e1734425173308-1024x515.jpeg 1024w, https:\/\/www.msc-wiesau.de\/wordpress\/wp-content\/uploads\/2024\/12\/e4717fe4-1661-421a-90cd-c41dfc1d56ba-e1734425173308-768x387.jpeg 768w\" sizes=\"auto, (max-width: 767px) 89vw, (max-width: 1000px) 54vw, (max-width: 1071px) 543px, 580px\" \/><\/td>\n<\/tr>\n<tr>\n<td style=\"width: 100%; text-align: center;\"><\/td>\n<\/tr>\n<\/tbody>\n<\/table>\n<hr \/>\n<table style=\"border-collapse: collapse; width: 100%;\">\n<tbody>\n<tr>\n<td style=\"width: 100%;\"><strong>Erfolgreiche Saison abgeschlossen<\/strong><br \/>\n<strong>Siegerehrung des Oldtimer-Slalom-Cups in Kemnath-Waldeck<\/strong><\/td>\n<\/tr>\n<tr>\n<td style=\"width: 100%;\">\u00a0\u201eOldtimer-Slalom-Cup Oberfranken\u201c lautet die offizielle Bezeichnung der Meisterschaft, die erfolgreiche Serie gastiert jedoch in ganz Nordbayern. Bei dreizehn Wertungsl\u00e4ufen in der Oberpfalz und in Ober- und Mittelfranken traten wieder rund 90 Teilnehmer mit ihren automobilen Rarit\u00e4ten an. Langeweile kam dabei nicht auf:<br \/>\nZehn verschiedene Sieger konnten sich feiern lassen.<br \/>\nSeit 2006 wird das Championat ausgetragen. Genau wie regul\u00e4ren Autoslaloms folgen auf einen Trainingsdurchgang zwei Wertungsl\u00e4ufe, allerdings ist nicht die schnellste Fahrzeit ausschlaggebend, sondern die geringste Differenz zwischen zwei gewerteten Zeiten. Die eingesetzten Fahrzeuge m\u00fcssen dabei mindestens 20 Jahre auf dem Buckel haben, die historischen Vehikel sind beim Publikum sehr beliebt.<br \/>\nDie stimmungsvolle Siegerehrung f\u00fcr die Top-Platzierten findet seit 2012 regelm\u00e4\u00dfig im Gasthof \u201eGoldener Engel\u201c in Kemnath-Waldeck statt. Der Kemnather B\u00fcrgermeister Roman Sch\u00e4ffler war aus terminlichen Gr\u00fcnden verhindert, lie\u00df sich aber ein anerkennendes Gru\u00dfwort f\u00fcr die Geehrten nicht nehmen, die Stadt Kemnath f\u00f6rderte zudem im Rahmen des B\u00fcrgerbudgets die 2. OSCO-Steinwald-Classic-Tour und sicherte somit die Finanzierung der Serie.<br \/>\nDass OSCO-Pokalgewinner bei der Siegerehrung fehlen, ist die Ausnahme \u2013 bei den einschl\u00e4gigen Jahres-Abschlussveranstaltungen der diversen Pokalrunden ist dies keine Selbstverst\u00e4ndlichkeit. 2024 mussten Martin Pietschmann (AMC Coburg) und Hansi Walter (MSC Wiesau) aus gesundheitlichen Gr\u00fcnden passen.<br \/>\nDie Moderation und die Pokal\u00fcbergabe lagen erstmals in den H\u00e4nden von Peter Gehret und Beate Grillmeier, die den Abend souver\u00e4n \u00fcber die B\u00fchne brachten.<br \/>\nNeun Ergebnisse kamen am Jahresende in die Wertung, die Entscheidung fiel erneut auf den letzten Metern. Beim Saisonfinale auf dem Rosenthal Airfield in Speichersdorf hatte Stefan B\u00f6hm vom MSC Bayreuth alle Tr\u00fcmpfe in der Hand, zum erstmaligen Titelgewinn h\u00e4tte eine Mittelfeldplatzierung gen\u00fcgt. Der Manta-Pilot verpasste allerdings ein Tor, kassierte daf\u00fcr 15 Strafsekunden und musste dem Routinier Manfred Keller vom MSC Wiesau mit seinem Opel Kadett C den Vortritt lassen. Dritter hinter B\u00f6hm wurde Christian Gebelein vom AMSC Bindlach auf einem weiteren Kadett.<br \/>\nAuch auf den folgenden Pl\u00e4tzen ging es um Zehntelpunkte. Sechster wurde der Waldershofer Reinhard Bayer mit einem Audi 50, Platz zehn ging an Torsten Hilpert (MSV Falkenberg, VW Golf II) und Hansi Walter (MSC Wiesau, Mazda MX 5) wurde Zw\u00f6lfter. Den letzten Pokal im Gesamtklassement sicherte sich Helmut Dostler (AC Waldershof, VW Polo) auf Rang 15.<br \/>\nDie Sonderwertungen gingen an den MSV Falkenberg: Luis Sollfrank holte sich mit dem Suzuki Swift den Pokal f\u00fcr Fahrzeuge neueren Baujahres, Laura Sollfrank verpasste als 16. Denkbar knapp die Pokalr\u00e4nge, wurde aber wie 2023 als beste Dame geehrt.<strong>Endergebnis Oldtimer-Slalom-Cup Oberfranken 2024:<\/strong><\/p>\n<table style=\"border-collapse: collapse; width: 100%; height: 416px;\">\n<tbody>\n<tr style=\"height: 26px;\">\n<td style=\"width: 6.86271%; text-align: right; height: 26px;\"><strong>1.<\/strong><\/td>\n<td style=\"width: 70.8766%; height: 26px;\">Manfred Keller (MSC Wiesau, Opel Kadett C GT\/E)<\/td>\n<td style=\"width: 22.2606%; height: 26px;\">89,62 Punkte<\/td>\n<\/tr>\n<tr style=\"height: 26px;\">\n<td style=\"width: 6.86271%; text-align: right; height: 26px;\"><strong>2.<\/strong><\/td>\n<td style=\"width: 70.8766%; height: 26px;\">Stefan B\u00f6hm (MSC Bayreuth, Opel Manta GT\/E)<\/td>\n<td style=\"width: 22.2606%; height: 26px;\">86,64 Punkte<\/td>\n<\/tr>\n<tr style=\"height: 26px;\">\n<td style=\"width: 6.86271%; text-align: right; height: 26px;\"><strong>3.<\/strong><\/td>\n<td style=\"width: 70.8766%; height: 26px;\">Christian Gebelein (AMSC Bindlach, Opel Kadett C)<\/td>\n<td style=\"width: 22.2606%; height: 26px;\">85,32 Punkte<\/td>\n<\/tr>\n<tr style=\"height: 26px;\">\n<td style=\"width: 6.86271%; text-align: right; height: 26px;\"><strong>4.<\/strong><\/td>\n<td style=\"width: 70.8766%; height: 26px;\">G\u00fcnter Hartmann (Ottensoos, Fiat 126 p)<\/td>\n<td style=\"width: 22.2606%; height: 26px;\">84,03 Punkte<\/td>\n<\/tr>\n<tr style=\"height: 26px;\">\n<td style=\"width: 6.86271%; text-align: right; height: 26px;\"><strong>5.<\/strong><\/td>\n<td style=\"width: 70.8766%; height: 26px;\">Frank Angles (Mitwitz, Audi 50)<\/td>\n<td style=\"width: 22.2606%; height: 26px;\">83,46 Punkte<\/td>\n<\/tr>\n<tr style=\"height: 26px;\">\n<td style=\"width: 6.86271%; text-align: right; height: 26px;\"><strong>6.<\/strong><\/td>\n<td style=\"width: 70.8766%; height: 26px;\">Reinhard Bayer (Waldershof, Audi 50)<\/td>\n<td style=\"width: 22.2606%; height: 26px;\">81,90 Punkte<\/td>\n<\/tr>\n<tr style=\"height: 26px;\">\n<td style=\"width: 6.86271%; text-align: right; height: 26px;\"><strong>7.<\/strong><\/td>\n<td style=\"width: 70.8766%; height: 26px;\">Thomas Fleischer (AMSC Bindlach, Opel Ascona C)<\/td>\n<td style=\"width: 22.2606%; height: 26px;\">81,65 Punkte<\/td>\n<\/tr>\n<tr style=\"height: 26px;\">\n<td style=\"width: 6.86271%; text-align: right; height: 26px;\"><strong>8.<\/strong><\/td>\n<td style=\"width: 70.8766%; height: 26px;\">Martin Pietschmann (AMC Coburg, BMW 316i)<\/td>\n<td style=\"width: 22.2606%; height: 26px;\">80,86 Punkte<\/td>\n<\/tr>\n<tr style=\"height: 26px;\">\n<td style=\"width: 6.86271%; text-align: right; height: 26px;\"><strong>9.<\/strong><\/td>\n<td style=\"width: 70.8766%; height: 26px;\">Helmut Burner (MSC Wunsiedel, NSU TT)<\/td>\n<td style=\"width: 22.2606%; height: 26px;\">77,32 Punkte<\/td>\n<\/tr>\n<tr style=\"height: 26px;\">\n<td style=\"width: 6.86271%; text-align: right; height: 26px;\"><strong>10.<\/strong><\/td>\n<td style=\"width: 70.8766%; height: 26px;\">Torsten Hilpert (MSV Falkenberg, VW Golf II)<\/td>\n<td style=\"width: 22.2606%; height: 26px;\">76,97 Punkte<\/td>\n<\/tr>\n<tr style=\"height: 26px;\">\n<td style=\"width: 6.86271%; text-align: right; height: 26px;\"><strong>11.<\/strong><\/td>\n<td style=\"width: 70.8766%; height: 26px;\">Horst Bulla (AC Stein, Peugeot 205 GTI)<\/td>\n<td style=\"width: 22.2606%; height: 26px;\">75,52 Punkte<\/td>\n<\/tr>\n<tr style=\"height: 26px;\">\n<td style=\"width: 6.86271%; text-align: right; height: 26px;\"><strong>12.<\/strong><\/td>\n<td style=\"width: 70.8766%; height: 26px;\">Hansi Walter (MSC Wiesau, Mazda MX 5)<\/td>\n<td style=\"width: 22.2606%; height: 26px;\">73,53 Punkte<\/td>\n<\/tr>\n<tr style=\"height: 26px;\">\n<td style=\"width: 6.86271%; text-align: right; height: 26px;\"><strong>13.<\/strong><\/td>\n<td style=\"width: 70.8766%; height: 26px;\">Herbert Hofmann (AMSC Bindlach, Opel Kadett E)<\/td>\n<td style=\"width: 22.2606%; height: 26px;\">73,30 Punkte<\/td>\n<\/tr>\n<tr style=\"height: 26px;\">\n<td style=\"width: 6.86271%; text-align: right; height: 26px;\"><strong>14.<\/strong><\/td>\n<td style=\"width: 70.8766%; height: 26px;\">Bernd Beierlein (AMSC Bindlach, Ford Fiesta)<\/td>\n<td style=\"width: 22.2606%; height: 26px;\">68,27 Punkte<\/td>\n<\/tr>\n<tr style=\"height: 26px;\">\n<td style=\"width: 6.86271%; text-align: right; height: 26px;\"><strong>15.<\/strong><\/td>\n<td style=\"width: 70.8766%; height: 26px;\">Helmut Dostler (AC Waldershof, VW Polo)<\/td>\n<td style=\"width: 22.2606%; height: 26px;\">64,38 Punkte<\/td>\n<\/tr>\n<\/tbody>\n<\/table>\n<\/td>\n<\/tr>\n<tr>\n<td style=\"width: 100%; text-align: center;\"><img loading=\"lazy\" decoding=\"async\" class=\"alignnone size-full wp-image-1955\" src=\"https:\/\/www.msc-wiesau.de\/wordpress\/wp-content\/uploads\/2024\/12\/OSCO.jpg\" alt=\"\" width=\"1435\" height=\"713\" srcset=\"https:\/\/www.msc-wiesau.de\/wordpress\/wp-content\/uploads\/2024\/12\/OSCO.jpg 1435w, https:\/\/www.msc-wiesau.de\/wordpress\/wp-content\/uploads\/2024\/12\/OSCO-300x149.jpg 300w, https:\/\/www.msc-wiesau.de\/wordpress\/wp-content\/uploads\/2024\/12\/OSCO-1024x509.jpg 1024w, https:\/\/www.msc-wiesau.de\/wordpress\/wp-content\/uploads\/2024\/12\/OSCO-768x382.jpg 768w\" sizes=\"auto, (max-width: 767px) 89vw, (max-width: 1000px) 54vw, (max-width: 1071px) 543px, 580px\" \/><\/td>\n<\/tr>\n<tr>\n<td style=\"width: 100%;\">\n<p style=\"text-align: center;\"><span style=\"font-size: 8pt; font-family: arial, helvetica, sans-serif;\"><em>Siegerehrung f\u00fcr die besten Oldtimerfahrer in Waldeck: Manfred Keller (hinten links) dominierte wieder das Geschehen<br \/>\nDaneben: Helmut Burner, Thomas Fleischer, Horst Bulla, Herbert Hofmann, Frank Angles, G\u00fcnter Hartmann, Bernd Beierlein, Stefan B\u00f6hm, Christian Gebelein<br \/>\n<\/em><\/span><span style=\"font-size: 8pt; font-family: arial, helvetica, sans-serif;\"><em>Vorne: Torsten Hilpert, Peter Gehret, Helmut Dostler, Laura Sollfrank, Reinhard Bayer<\/em><\/span><\/p>\n<\/td>\n<\/tr>\n<\/tbody>\n<\/table>\n<hr \/>\n<table style=\"border-collapse: collapse; width: 100%;\">\n<tbody>\n<tr>\n<td style=\"width: 100%;\"><strong>Podestpl\u00e4tze f\u00fcr Fahrer des MSC Wiesau beim Regionalpokal Oberfranken.<\/strong><\/td>\n<\/tr>\n<tr>\n<td style=\"width: 100%;\">Am 16.11.2024 fand im Kettelerhaus in Tirschenreuth die diesj\u00e4hrige Siegerehrung des Regionalpokals Oberfranken statt. Fahrer und Fahrerinnen aus der N\u00f6rdlichen Oberpfalz und aus Oberfranken konnte der MSC Tirschenreuth zum Abschluss der Saison 2024 bei dieser Feier begr\u00fc\u00dfen. In den Sparten Jugendkartslalom, Rallye, Crossslalom und Automobilslalom wurden die Meister und Platzierungen f\u00fcr ihre Leistungen in der abgelaufenen Saison mit Pokalen geehrt.<br \/>\nMit Sven Seidel stellte der MSC Wiesau den Meister in der Sparte Automobilslalom. Sven konnte seinen Titel aus der Saison 2023 verteidigen. Mit Leonas Grabe gab es einen weiteren Podestplatz f\u00fcr den MSC Wiesau. Er belegte im Jugend-Kart-Slalom der Altersklasse 2 den 3.Rang. Mit Ben Koller wurde ein weiterer Fahrer aus der Jugendgruppe geehrt. Der 14- j\u00e4hrige Wiesauer belegte den 9.Platz der Altersklasse 4 in der Jugend-Kart-Slalommeisterschaft des Regional-Pokals Oberfranken 2024.<\/td>\n<\/tr>\n<tr>\n<td style=\"width: 100%;\"><img loading=\"lazy\" decoding=\"async\" class=\"alignnone size-full wp-image-1948\" src=\"https:\/\/www.msc-wiesau.de\/wordpress\/wp-content\/uploads\/2024\/11\/IMG_4655-scaled-e1732514020118.jpeg\" alt=\"\" width=\"2560\" height=\"1045\" srcset=\"https:\/\/www.msc-wiesau.de\/wordpress\/wp-content\/uploads\/2024\/11\/IMG_4655-scaled-e1732514020118.jpeg 2560w, https:\/\/www.msc-wiesau.de\/wordpress\/wp-content\/uploads\/2024\/11\/IMG_4655-scaled-e1732514020118-300x122.jpeg 300w, https:\/\/www.msc-wiesau.de\/wordpress\/wp-content\/uploads\/2024\/11\/IMG_4655-scaled-e1732514020118-1024x418.jpeg 1024w, https:\/\/www.msc-wiesau.de\/wordpress\/wp-content\/uploads\/2024\/11\/IMG_4655-scaled-e1732514020118-768x314.jpeg 768w, https:\/\/www.msc-wiesau.de\/wordpress\/wp-content\/uploads\/2024\/11\/IMG_4655-scaled-e1732514020118-1536x627.jpeg 1536w, https:\/\/www.msc-wiesau.de\/wordpress\/wp-content\/uploads\/2024\/11\/IMG_4655-scaled-e1732514020118-2048x836.jpeg 2048w\" sizes=\"auto, (max-width: 767px) 89vw, (max-width: 1000px) 54vw, (max-width: 1071px) 543px, 580px\" \/><\/p>\n<p><img loading=\"lazy\" decoding=\"async\" class=\"wp-image-1949 aligncenter\" src=\"https:\/\/www.msc-wiesau.de\/wordpress\/wp-content\/uploads\/2024\/11\/IMG_4653-scaled-e1732514070187.jpeg\" alt=\"\" width=\"420\" height=\"639\" srcset=\"https:\/\/www.msc-wiesau.de\/wordpress\/wp-content\/uploads\/2024\/11\/IMG_4653-scaled-e1732514070187.jpeg 1070w, https:\/\/www.msc-wiesau.de\/wordpress\/wp-content\/uploads\/2024\/11\/IMG_4653-scaled-e1732514070187-197x300.jpeg 197w, https:\/\/www.msc-wiesau.de\/wordpress\/wp-content\/uploads\/2024\/11\/IMG_4653-scaled-e1732514070187-673x1024.jpeg 673w, https:\/\/www.msc-wiesau.de\/wordpress\/wp-content\/uploads\/2024\/11\/IMG_4653-scaled-e1732514070187-768x1169.jpeg 768w, https:\/\/www.msc-wiesau.de\/wordpress\/wp-content\/uploads\/2024\/11\/IMG_4653-scaled-e1732514070187-1009x1536.jpeg 1009w\" sizes=\"auto, (max-width: 420px) 100vw, 420px\" \/><\/td>\n<\/tr>\n<tr>\n<td style=\"width: 100%;\"><\/td>\n<\/tr>\n<\/tbody>\n<\/table>\n<hr \/>\n<table style=\"border-collapse: collapse; width: 100%;\">\n<tbody>\n<tr>\n<td style=\"width: 100%;\"><strong>Weitere Fortschritte bei Restaurierung des Fiat Abarth von Erich Faltenbacher<\/strong><\/td>\n<\/tr>\n<tr>\n<td style=\"width: 100%;\">Es geht voran mit dem Neuaufbau des legend\u00e4ren Bergrenners von Erich Faltenbacher. Mitte des Jahres besuchte der 2.Vorsitzende des MSC Wiesau Karl-Heinz Dietrich den Neuen Besitzer des Fiat Abarth 1000 TCR Michael Feyl in Treuchtlingen. Seit einigen Jahren besch\u00e4ftigt sich der Fiat Abarth Spezialist mit dem Wiederaufbau des Autos des ehemaligen Sportleiter des MSC Wiesau. Vor \u00fcber 55 Jahre wurde der kleine Renner aus der PS Schmiede Abarth aus Italien gebaut. Da es sich um die letzte Generation des 1000 TCR handelt, muss der neue Besitzer nat\u00fcrlich viele Teile neu anfertigen da es fast keine Originale Ersatzsteile mehr gibt.<br \/>\nNach dem die Karosserie fast fertig gestellt ist wurde auch ein neuer Motor verbaut. Von Seiten des MSC Wiesau hofft man nat\u00fcrlich das der kleine Renner wieder in n\u00e4chster Zeit der \u00d6ffentlichkeit vorgestellt werden kann.<\/td>\n<\/tr>\n<tr>\n<td style=\"width: 100%;\"><img loading=\"lazy\" decoding=\"async\" class=\"alignnone size-full wp-image-1940\" src=\"https:\/\/www.msc-wiesau.de\/wordpress\/wp-content\/uploads\/2024\/11\/IMG_4390-scaled.jpg\" alt=\"\" width=\"1920\" height=\"2560\" srcset=\"https:\/\/www.msc-wiesau.de\/wordpress\/wp-content\/uploads\/2024\/11\/IMG_4390-scaled.jpg 1920w, https:\/\/www.msc-wiesau.de\/wordpress\/wp-content\/uploads\/2024\/11\/IMG_4390-225x300.jpg 225w, https:\/\/www.msc-wiesau.de\/wordpress\/wp-content\/uploads\/2024\/11\/IMG_4390-768x1024.jpg 768w, https:\/\/www.msc-wiesau.de\/wordpress\/wp-content\/uploads\/2024\/11\/IMG_4390-1152x1536.jpg 1152w, https:\/\/www.msc-wiesau.de\/wordpress\/wp-content\/uploads\/2024\/11\/IMG_4390-1536x2048.jpg 1536w\" sizes=\"auto, (max-width: 767px) 89vw, (max-width: 1000px) 54vw, (max-width: 1071px) 543px, 580px\" \/> <img loading=\"lazy\" decoding=\"async\" class=\"alignnone size-full wp-image-1941\" src=\"https:\/\/www.msc-wiesau.de\/wordpress\/wp-content\/uploads\/2024\/11\/IMG_4389-scaled.jpg\" alt=\"\" width=\"1920\" height=\"2560\" srcset=\"https:\/\/www.msc-wiesau.de\/wordpress\/wp-content\/uploads\/2024\/11\/IMG_4389-scaled.jpg 1920w, https:\/\/www.msc-wiesau.de\/wordpress\/wp-content\/uploads\/2024\/11\/IMG_4389-225x300.jpg 225w, https:\/\/www.msc-wiesau.de\/wordpress\/wp-content\/uploads\/2024\/11\/IMG_4389-768x1024.jpg 768w, https:\/\/www.msc-wiesau.de\/wordpress\/wp-content\/uploads\/2024\/11\/IMG_4389-1152x1536.jpg 1152w, https:\/\/www.msc-wiesau.de\/wordpress\/wp-content\/uploads\/2024\/11\/IMG_4389-1536x2048.jpg 1536w\" sizes=\"auto, (max-width: 767px) 89vw, (max-width: 1000px) 54vw, (max-width: 1071px) 543px, 580px\" \/><\/td>\n<\/tr>\n<tr>\n<td style=\"width: 100%; text-align: center;\"><span style=\"font-size: 8pt;\"><strong>Fiat Abarth 1000 TCR im Aufbau<\/strong><\/span><\/td>\n<\/tr>\n<\/tbody>\n<\/table>\n<hr \/>\n<table style=\"border-collapse: collapse; width: 100%;\">\n<tbody>\n<tr>\n<td style=\"width: 100%;\"><strong>MSC Wiesau Mannschaftssieger bei der Landkreis-Motorsport-Meisterschaft<\/strong><\/td>\n<\/tr>\n<tr>\n<td style=\"width: 100%;\">Auch 2024 konnte der MSC Wiesau in der Landkreismeisterschaft Tirschenreuth \u00fcberzeugen. Mit Sven Seidel (Automobilslalom), Manfred Keller (GLP und Orientierungsfahrten)stellte man wieder 3 Meister. Neben den Beiden kamen Stefan M\u00fcller und Dominik Schraml auf die Pl\u00e4tze 4 und 9 im Automobilslalom. Hansi Walter wurde f\u00fcr den 4.Platz im Oldtimerslalom geehrt. Andreas Sirtl belegte den 4 Rang im 270 Kartslalom. Bei der Jugend belegte Leonas Grabe und Ben Koller jeweils den 5.Rang ihrer Altersklasse. Ludwig und Karl Tischlinger belegten die R\u00e4nge 4 und 6 der AK 5 im Jugendkartslalom. Neben der Landkreis Ehrung wurden auch die Neuen Bezirksmeister der Oberpfalz geehrt. Manfred Keller holte sich hier die Bezirkswertung beim Oldtimerslalom und bei der Ori -Wertung. Sven\u00a0 Seidel gewann die Automobilslalom Wertung.<br \/>\nNeben diesen Erfolgen stellte der MSC auch die beste Mannschaft in der Landkreiswertung bei den Erwachsenen.<\/td>\n<\/tr>\n<tr>\n<td style=\"width: 100%; text-align: center;\"><img loading=\"lazy\" decoding=\"async\" class=\"alignnone size-full wp-image-1928\" src=\"https:\/\/www.msc-wiesau.de\/wordpress\/wp-content\/uploads\/2024\/10\/IMG_4607-scaled-e1730266683655.jpeg\" alt=\"\" width=\"1416\" height=\"900\" srcset=\"https:\/\/www.msc-wiesau.de\/wordpress\/wp-content\/uploads\/2024\/10\/IMG_4607-scaled-e1730266683655.jpeg 1416w, https:\/\/www.msc-wiesau.de\/wordpress\/wp-content\/uploads\/2024\/10\/IMG_4607-scaled-e1730266683655-300x191.jpeg 300w, https:\/\/www.msc-wiesau.de\/wordpress\/wp-content\/uploads\/2024\/10\/IMG_4607-scaled-e1730266683655-1024x651.jpeg 1024w, https:\/\/www.msc-wiesau.de\/wordpress\/wp-content\/uploads\/2024\/10\/IMG_4607-scaled-e1730266683655-768x488.jpeg 768w\" sizes=\"auto, (max-width: 767px) 89vw, (max-width: 1000px) 54vw, (max-width: 1071px) 543px, 580px\" \/><\/td>\n<\/tr>\n<tr>\n<td style=\"width: 100%; text-align: center;\"><strong><span style=\"font-family: arial, helvetica, sans-serif; font-size: 8pt;\">Sven Seidel, Manfred Keller Hansi Walter mit dem Mannschaftspokal<\/span><\/strong><\/td>\n<\/tr>\n<\/tbody>\n<\/table>\n<hr \/>\n<table style=\"border-collapse: collapse; width: 100%; height: 341px;\">\n<tbody>\n<tr style=\"height: 53px;\">\n<td style=\"width: 100%; height: 53px;\"><strong>Andreas Sirtl belegt den 3.Platz \u00a0bei der S\u00fcddeutschen Kartslalommeisterschaft<\/strong><\/td>\n<\/tr>\n<tr style=\"height: 236px;\">\n<td style=\"width: 100%; height: 236px;\">Andreas Sirtl vom MSC Wiesau erreichte beim Finale der S\u00fcddeutschen 270 er Kartslalommeisterschaft den 3.Platz in der Altersklasse 3. Ausgetragen wurden diese beiden Endl\u00e4ufe Ende Oktober in Sonthofen im Allg\u00e4u. Nach der ersten Veranstaltung am Vormittag lag er auf einen guten 8.Rang der Klasse. Durch eine deutliche Steigerung bei der zweiten Veranstaltung fuhr er auf Rang 3 im Endklassement nach vorne. Mit dieser Leistung kr\u00f6nte er eine gute Saison 2024. Andreas Sirtl konnte sich auch noch den 4.Platz seiner Altersklasse bei der Nordbayerischen ADAC-Meisterschaft sichern.<\/td>\n<\/tr>\n<tr style=\"height: 26px;\">\n<td style=\"width: 100%; height: 26px;\"><img loading=\"lazy\" decoding=\"async\" class=\"alignnone size-full wp-image-1927\" src=\"https:\/\/www.msc-wiesau.de\/wordpress\/wp-content\/uploads\/2024\/10\/Suedduetsche-270iger-Kartsalommeisterschaft-2024-e1730266430107.jpeg\" alt=\"\" width=\"925\" height=\"906\" srcset=\"https:\/\/www.msc-wiesau.de\/wordpress\/wp-content\/uploads\/2024\/10\/Suedduetsche-270iger-Kartsalommeisterschaft-2024-e1730266430107.jpeg 925w, https:\/\/www.msc-wiesau.de\/wordpress\/wp-content\/uploads\/2024\/10\/Suedduetsche-270iger-Kartsalommeisterschaft-2024-e1730266430107-300x294.jpeg 300w, https:\/\/www.msc-wiesau.de\/wordpress\/wp-content\/uploads\/2024\/10\/Suedduetsche-270iger-Kartsalommeisterschaft-2024-e1730266430107-768x752.jpeg 768w\" sizes=\"auto, (max-width: 767px) 89vw, (max-width: 1000px) 54vw, (max-width: 1071px) 543px, 580px\" \/><\/td>\n<\/tr>\n<tr style=\"height: 26px;\">\n<td style=\"width: 100%; height: 26px;\">\n<p style=\"text-align: center;\"><span style=\"font-family: arial, helvetica, sans-serif;\"><strong><span style=\"font-size: 8pt;\">Bild Links nach Rechts :Phillip Lehmann Platz 2 (MSC Knetzgau),<br \/>\n<\/span><\/strong><\/span><span style=\"font-family: arial, helvetica, sans-serif;\"><strong><span style=\"font-size: 8pt;\">Florian Ernstberger 1.Platz (AC Waldrshof), Andreas Sirtl 3.Platz ( MSC Wiesau)<\/span><\/strong><\/span><\/p>\n<\/td>\n<\/tr>\n<\/tbody>\n<\/table>\n<hr \/>\n<table style=\"border-collapse: collapse; width: 100%;\">\n<tbody>\n<tr>\n<td style=\"width: 100%;\"><strong>Wieder das Ma\u00df aller Dinge: Manfred Keller gewinnt, was zu gewinnen war.<\/strong><\/td>\n<\/tr>\n<tr>\n<td style=\"width: 100%;\">Wie im vergangenen Jahr schaffte der Waldsassener Manfred Keller vom MSC Wiesau mit seinem fast 50 Jahre alten Opel Kadett das begehrte Triple: Der Routinier, seit \u00a0\u00fcber f\u00fcnf Jahrzehnten motorsportlich aktiv, entschied alle drei im nordbayerischen Raum angesiedelten Meisterschaften im historischen Slalom-Sport f\u00fcr sich.<br \/>\nEtwas \u00fcberraschend war das vor allem im popul\u00e4rsten Wettbewerb, dem Oldtimer-Slalom-Cup Oberfranken. \u00dcber 80 Fahrerinnen und Fahrer platzierten sich am Ende, der Titelverteidiger profitierte letztendlich von einem starken Endspurt \u2013 zwei der letzten drei Rennen konnte der 74-j\u00e4hrige, schon beruflich an gleichm\u00e4\u00dfiges Vorgehen gew\u00f6hnt, f\u00fcr sich entscheiden. Die Konkurrenz dagegen bewies Nerven: Dem Waldershofer Reinhard Bayer, vor dem Finale auf dem Speichersdorfer Flugplatz noch aussichtsreicher Zweiter, gelangen nur zwei mittelm\u00e4\u00dfige Ergebnisse, womit er am Ende noch auf Rang sechs zur\u00fcckfiel. Die allerbesten Karten vor dem Schlussakt hatte allerdings der Bayreuther Stefan B\u00f6hm besessen, der einige L\u00e4ufe ausgelassen hatte und dementsprechend wenig Punkte streichen musste. \u00a0Im ersten der beiden vom AMSC Bindlach ausgerichteten Endl\u00e4ufe verpasste er allerdings mehrere Tore, kassierte daf\u00fcr reichlich Strafsekunden und landete am Ende des Feldes. Die Vizemeisterschaft war ihm dennoch nicht mehr zu nehmen, Dritter wurde Christian Gebelein vom gastgebenden Club.<br \/>\nPokale konnten sich auch Torsten Hilpert (MSV Falkenberg) als Zehnter und Hansi Walter (MSC Wiesau, Platz 12) sichern. Letzterer bestritt den Saisonabschluss gemeinsam mit Peter Gehret auf dem Mazda MX 5 \u2013 wobei sich beide Piloten mehr f\u00fcr die erreichten Fahrzeiten als f\u00fcr das gleichm\u00e4\u00dfige Abschneiden begeistern konnten. Der Pokal f\u00fcr die beste Dame geht an Laura Sollfrank, ihr Bruder Luis (beide vom MSV Falkenberg) gewann die Wertung f\u00fcr Fahrzeuge, die noch nicht das geforderte Alter von mindestens 20 Jahren erreicht haben.<br \/>\nAuch im Nordost-Oberfranken-Pokal konnte Manfred Keller seinen Triumph wiederholen, auf das Podest schafften es die beiden Bindlacher Thomas Fleischer und Christian Gebelein. Hansi Walter wurde Siebter, Torsten Hilpert beendete die Saison als Neunter.Der 2023 neu eingef\u00fchrte Old- und Youngtimer-Slalom-Pokal des ADAC Nordbayern endete mit dem gleichen Resultat: Manfred Keller gewann vor Thomas Fleischer und Christian Gebelein, Hansi Walter wird als Sechster gelistet. Pokale gibt\u2019s hier aber nur f\u00fcr die drei Erstplatzierten.<\/td>\n<\/tr>\n<tr>\n<td style=\"width: 100%; text-align: center;\"><img loading=\"lazy\" decoding=\"async\" class=\"alignnone wp-image-1922\" src=\"https:\/\/www.msc-wiesau.de\/wordpress\/wp-content\/uploads\/2024\/10\/Keller-Manfred.jpg\" alt=\"\" width=\"219\" height=\"288\" srcset=\"https:\/\/www.msc-wiesau.de\/wordpress\/wp-content\/uploads\/2024\/10\/Keller-Manfred.jpg 1610w, https:\/\/www.msc-wiesau.de\/wordpress\/wp-content\/uploads\/2024\/10\/Keller-Manfred-229x300.jpg 229w, https:\/\/www.msc-wiesau.de\/wordpress\/wp-content\/uploads\/2024\/10\/Keller-Manfred-780x1024.jpg 780w, https:\/\/www.msc-wiesau.de\/wordpress\/wp-content\/uploads\/2024\/10\/Keller-Manfred-768x1008.jpg 768w, https:\/\/www.msc-wiesau.de\/wordpress\/wp-content\/uploads\/2024\/10\/Keller-Manfred-1170x1536.jpg 1170w, https:\/\/www.msc-wiesau.de\/wordpress\/wp-content\/uploads\/2024\/10\/Keller-Manfred-1560x2048.jpg 1560w\" sizes=\"auto, (max-width: 219px) 100vw, 219px\" \/> <img loading=\"lazy\" decoding=\"async\" class=\"alignnone wp-image-1923\" src=\"https:\/\/www.msc-wiesau.de\/wordpress\/wp-content\/uploads\/2024\/10\/Keller-Manfred-Kadett-scaled.jpg\" alt=\"\" width=\"293\" height=\"206\" srcset=\"https:\/\/www.msc-wiesau.de\/wordpress\/wp-content\/uploads\/2024\/10\/Keller-Manfred-Kadett-scaled.jpg 2560w, https:\/\/www.msc-wiesau.de\/wordpress\/wp-content\/uploads\/2024\/10\/Keller-Manfred-Kadett-300x211.jpg 300w, https:\/\/www.msc-wiesau.de\/wordpress\/wp-content\/uploads\/2024\/10\/Keller-Manfred-Kadett-1024x721.jpg 1024w, https:\/\/www.msc-wiesau.de\/wordpress\/wp-content\/uploads\/2024\/10\/Keller-Manfred-Kadett-768x541.jpg 768w, https:\/\/www.msc-wiesau.de\/wordpress\/wp-content\/uploads\/2024\/10\/Keller-Manfred-Kadett-1536x1082.jpg 1536w, https:\/\/www.msc-wiesau.de\/wordpress\/wp-content\/uploads\/2024\/10\/Keller-Manfred-Kadett-2048x1442.jpg 2048w\" sizes=\"auto, (max-width: 293px) 100vw, 293px\" \/><\/td>\n<\/tr>\n<tr>\n<td style=\"width: 100%; text-align: center;\"><strong><span style=\"font-family: arial, helvetica, sans-serif; font-size: 8pt;\">Triple-Sieger 2023 und 2024: Manfred Keller vom MSC Wiesau<\/span><\/strong><\/td>\n<\/tr>\n<\/tbody>\n<\/table>\n<hr \/>\n<table style=\"border-collapse: collapse; width: 100%;\">\n<tbody>\n<tr>\n<td style=\"width: 100%;\"><strong>Oberpf\u00e4lzer Motorsportler dominieren nordbayerische Meisterschaften<\/strong><\/td>\n<\/tr>\n<tr>\n<td style=\"width: 100%;\"><strong>Drei Titel f\u00fcr Sven Seidel<\/strong><br \/>\nMotorsportler aus dem Landkreis Tirschenreuth machten die bedeutendsten regionalen Meisterschaften nahezu unter sich aus: Sven Seidel (MSC Wiesau) und Florian Fachtan (AC Friedenfels) sicherten sich Titel und Vizemeisterschaften.<br \/>\nAcht Automobilslaloms waren im Nordost-Oberfranken-Pokal zu absolvieren, der trotz seines Namens seit langem auch in der Oberpfalz und in Mittelfranken ausgetragen wird. Am Ende standen sowohl f\u00fcr den BMW-Piloten Florian Fachtan und den Wiesauer Sven Seidel fast nur Siege in ihren jeweiligen Klassen zu Buche. Bei der Punktevergabe war daher entscheidend, wie viele Konkurrenten die beiden hinter sich lassen konnten. In der Klasse F 10 (moderat verbesserte Fahrzeuge bis 2000 ccm Hubraum), in der Florian Fachtan an den Start geht, war die Beteiligung etwas h\u00f6her als bei den Spezial-Rennfahrzeugen der Klasse H 13, in der Sven Seidel seinen Citroen C 2 einsetzt. Mit gut weniger als einem Punkt Vorsprung eroberte der Friedenfelser den Meistertitel.<br \/>\nEinen guten elften Platz erk\u00e4mpfte sich Luis Sollfrank vom MSV Falkenberg, die weiteren Fahrer des MSC Wiesau gingen mehr oder weniger leer aus: Dominik Schraml verpasste auf Rang 19 die Pokalr\u00e4nge knapp, Stefan M\u00fcller und Hansi Walter schafften es immerhin auf Seite zwei der Ergebnisliste.<br \/>\nIm Regionalpokal Oberfranken konnte Sven Seidel seinen Meistertitel verteidigen: Zehn Veranstaltungen standen hier auf dem Programm. Dominik Schraml und Hansi Walter beendeten die Saison auf den Pl\u00e4tzen 29 bzw. 31. Stark pr\u00e4sentierte sich der MSV Falkenberg: Luis Sollfrank als F\u00fcnfter und Torsten Hilpert auf Rang 14 werden im November bei der Meisterfeier in Tirschenreuth geehrt, Laura Sollfrank (Platz 21) fehlten am Ende nur zwei Punkte. Tr\u00f6sten kann sie sich mit dem Vizetitel in der Damenwertung.<br \/>\n\u00dcberwiegend in Ober- und Unterfranken wird der Franken-Slalom-Pokal ausgetragen, aber auch hier dominierten die Oberpf\u00e4lzer. Der Titel ging wiederum an Sven Seidel, der sich knapp gegen Florian Fachtan durchsetzen konnte.<br \/>\nLast but not least mischten die beiden auch die vom ADAC Nordbayern ausgeschriebenen Pr\u00e4dikate auf: Der Sieger im Nordbayerischen ADAC-Slalom-Pokal 2024 hei\u00dft Sven Seidel, Florian Fachtan wurde Dritter und Luis Sollfrank kann einen weiteren f\u00fcnften Platz verbuchen. In der ADAC-Slalom-Meisterschaft, f\u00fcr die insgesamt f\u00fcnf (h\u00f6herwertige) DMSB-Slaloms gewertet werden, steht Sven Seidel ebenfalls auf dem Treppchen \u2013 als Dritter hinter Benedikt Siegel (MC Lauf) und Philipp Varlemann (MSC Pegnitz)<\/td>\n<\/tr>\n<tr>\n<td style=\"width: 100%; text-align: center;\"><img loading=\"lazy\" decoding=\"async\" class=\"alignnone size-full wp-image-1914\" src=\"https:\/\/www.msc-wiesau.de\/wordpress\/wp-content\/uploads\/2024\/10\/01-Seidel-Sven-scaled.jpg\" alt=\"\" width=\"2560\" height=\"1706\" srcset=\"https:\/\/www.msc-wiesau.de\/wordpress\/wp-content\/uploads\/2024\/10\/01-Seidel-Sven-scaled.jpg 2560w, https:\/\/www.msc-wiesau.de\/wordpress\/wp-content\/uploads\/2024\/10\/01-Seidel-Sven-300x200.jpg 300w, https:\/\/www.msc-wiesau.de\/wordpress\/wp-content\/uploads\/2024\/10\/01-Seidel-Sven-1024x683.jpg 1024w, https:\/\/www.msc-wiesau.de\/wordpress\/wp-content\/uploads\/2024\/10\/01-Seidel-Sven-768x512.jpg 768w, https:\/\/www.msc-wiesau.de\/wordpress\/wp-content\/uploads\/2024\/10\/01-Seidel-Sven-1536x1024.jpg 1536w, https:\/\/www.msc-wiesau.de\/wordpress\/wp-content\/uploads\/2024\/10\/01-Seidel-Sven-2048x1365.jpg 2048w\" sizes=\"auto, (max-width: 767px) 89vw, (max-width: 1000px) 54vw, (max-width: 1071px) 543px, 580px\" \/><\/td>\n<\/tr>\n<tr>\n<td style=\"width: 100%; text-align: center;\"><strong><span style=\"font-family: arial, helvetica, sans-serif; font-size: 8pt;\">Sven Seidel \u00a0beherrschte die nordbayerischen Pokalrunden<\/span><\/strong><\/td>\n<\/tr>\n<\/tbody>\n<\/table>\n<hr \/>\n<table style=\"border-collapse: collapse; width: 100%;\">\n<tbody>\n<tr>\n<td style=\"width: 100%;\"><strong>MSC Jugend blickt zur\u00fcck auf eine gute Saison 2024<\/strong><\/td>\n<\/tr>\n<tr>\n<td style=\"width: 100%;\">Zufrieden blickt der 2. Vorsitzende des MSC Wiesau, Karl-Heinz Dietrich, auf das Jahr 2024 zur\u00fcck. Mit Jugendleiter Johannes J\u00e4ger und Andreas Sirtl hat der Verein zwei ausgezeichnete Trainer und Betreuer f\u00fcr die Jugendarbeit. Auch konnte man wieder einige junge Fahrer f\u00fcr den Jugendkartslalom gewinnen. Neben zahlreichen Trainingseinheiten zwischen M\u00e4rz und September war man vom ADAC Nordbayern beauftragt worden, den Endlauf der Meisterschaft im Jugendkartslalom auszurichten. Dieser Endlauf wurde Ende Juli bei ausgezeichnetem Wetter erfolgreich durchgef\u00fchrt. Im Kalender war auch wieder ein Kartschnupperkurs im Ferienprogramm der Marktgemeinde Wiesau, den man mit der BRK-Jugendgruppe Wiesau abhielt. Leonas Grabe und Ludwig Tischlinger nahmen auch 2 Fahrer an der Nordbayerischen und Bayerischen Meisterschaft teil.<br \/>\nHier belegte Ludwig Tischlinger den 12. Rang seiner Altersklasse. Regional wussten Leonas Grabe mit Platz 3 und Ben Koller mit Rang 9 in ihren Klassen beim Regional-Pokal Oberfranken zu \u00fcberzeugen. Auch Karl Tischlinger konnte neben seinen Zwilllingsbruder gute Ergebnisse erreichen die beiden Neulinge Leonard Schuller und Dominik Fr\u00f6hlich zeigten bei ihren ersten Veranstaltungen eine gute Leistung. Neben der Jugendkartgruppe, in der zurzeit 7 Jugendliche trainieren und Veranstaltungen fahren, kann auch die 270er-Kartslalomgruppe Erfolge vorweisen. Im Jahr 2024 nahmen 5 Fahrer und Fahrerinnen an den Meisterschaften teil. Mit Andreas Sirtl, Johannes J\u00e4ger, Nico Sirtl, Simon Stoces und Julia Faltis war man bei Meisterschaften vertreten. Erfolgreichster Fahrer war hier Andreas Sirtl mit Rang 4 bei der Nordbayerischen ADAC-Meisterschaft. Neben Sirtl nahm auch Julia Faltis an der Bayerischen Meisterschaft in Waldershof Anfang Oktober teil. Nach der Winterpause hofft man dann wieder auf eine gute und unfallfreie Saison 2025. Auch will man weiter M\u00e4dchen und Jungen im Alter ab 6 Jahren f\u00fcr den Jugendkartsport des MSC Wiesau begeistern. Ein besonderer Dank gilt der Marktgemeinde Wiesau, dem Landkreis Tirschenreuth und der Berufsschule f\u00fcr die M\u00f6glichkeit, auf dem Parkplatz zu trainieren.<br \/>\nAuch allen Sponsoren, Helfern und Eltern f\u00fcr Ihr Unterst\u00fctzung in 2024<\/td>\n<\/tr>\n<tr>\n<td style=\"width: 100%;\"><img loading=\"lazy\" decoding=\"async\" class=\"alignnone size-full wp-image-1911\" src=\"https:\/\/www.msc-wiesau.de\/wordpress\/wp-content\/uploads\/2024\/10\/f5403a4e-3bc1-4764-a184-034ee3d7c5c1.jpeg\" alt=\"\" width=\"1106\" height=\"515\" srcset=\"https:\/\/www.msc-wiesau.de\/wordpress\/wp-content\/uploads\/2024\/10\/f5403a4e-3bc1-4764-a184-034ee3d7c5c1.jpeg 1106w, https:\/\/www.msc-wiesau.de\/wordpress\/wp-content\/uploads\/2024\/10\/f5403a4e-3bc1-4764-a184-034ee3d7c5c1-300x140.jpeg 300w, https:\/\/www.msc-wiesau.de\/wordpress\/wp-content\/uploads\/2024\/10\/f5403a4e-3bc1-4764-a184-034ee3d7c5c1-1024x477.jpeg 1024w, https:\/\/www.msc-wiesau.de\/wordpress\/wp-content\/uploads\/2024\/10\/f5403a4e-3bc1-4764-a184-034ee3d7c5c1-768x358.jpeg 768w\" sizes=\"auto, (max-width: 767px) 89vw, (max-width: 1000px) 54vw, (max-width: 1071px) 543px, 580px\" \/><\/td>\n<\/tr>\n<\/tbody>\n<\/table>\n<hr \/>\n<table style=\"border-collapse: collapse; width: 100%; height: 1080px;\">\n<tbody>\n<tr style=\"height: 26px;\">\n<td style=\"width: 100%; height: 26px;\"><strong>Gelungener Einstand bei der Deutschen Meisterschaft<\/strong><\/td>\n<\/tr>\n<tr style=\"height: 664px;\">\n<td style=\"width: 100%; height: 664px;\">Neue Wege ging im Jahr 2024 der Wiesauer Sven Seidel im Automobilslalom.<br \/>\nSeit Jahren z\u00e4hlt der f\u00fcr den MSC Wiesau startende Slalompilot in der Region zu den erfolgreichsten Fahrern. Diese Saison stand ganz im Zeichen der Deutschen Meisterschaft. Eingeteilt in 3 Regionen \u2013 Nord, Mitte und S\u00fcden \u2013 wurden dort jeweils 6 Vorl\u00e4ufe ausgetragen.<br \/>\nDer 31-j\u00e4hrige Kfz-Mechaniker ging in der Region S\u00fcd an den Start. Bei den Vorl\u00e4ufen konnte sich Sven Seidel mit zwei 2. Pl\u00e4tzen und vier Klassensiegen den 4. Platz der Region sichern. In der Addition aller Regionen bedeutete dies Rang 15 f\u00fcr die Endl\u00e4ufe. Diese 2 Endl\u00e4ufe wurden letztes Wochenende im Driving Center Gro\u00df D\u00f6lln nahe Berlin ausgetragen. Hier gingen die 35 besten Fahrer jeder Region an den Start, um den Deutschen Meister 2024 zu ermitteln. Seidel startete mit seinem Citro\u00ebn C2 bei den verbesserten Fahrzeugen der Gruppe H bis 1.600 ccm. Mit Fabian Schmitz und Jan Walter hatten auch die beiden schnellsten der Klasse aus der Region Mitte und Nord gemeldet. Bereits im Training am Samstag zeigte sich, dass es ein Duell auf Augenh\u00f6he wird. Nach 2 Wertungsl\u00e4ufen konnte sich Fabian Schmitz mit 57\/100 Sekunden knapp vor Seidel durchsetzen. Platz 3 ging an Walter. Am Sonntag wurde der Parcours dann in entgegengesetzter Richtung gefahren. Schmitz legte wieder eine Topzeit vor, knapp dahinter Seidel. Schmitz konnte sich wieder mit einem knappen Vorsprung vor Sven Seidel durchsetzen. Aufgrund der Vorlaufpunkte war der Wiesauer mit Rang 12 von 105 Teilnehmern bei seiner ersten Deutschen Meisterschaft auch der beste Fahrer der Klasse bis 1.600 ccm. Auch regional konnte der Wiesauer \u00fcberzeugen:<br \/>\nMit Platz 2 im NOO-Slalom-Pokal und dem Gewinn des Regional-Pokals Oberfranken kann er eine beeindruckende Bilanz im Jahr 2024 vorweisen.<\/td>\n<\/tr>\n<tr style=\"height: 364px;\">\n<td style=\"width: 100%; text-align: center; height: 364px;\"><img loading=\"lazy\" decoding=\"async\" class=\"alignnone size-full wp-image-1905\" src=\"https:\/\/www.msc-wiesau.de\/wordpress\/wp-content\/uploads\/2024\/10\/479be753-7ce1-4d28-b8b6-e56754c93c70.jpeg\" alt=\"\" width=\"1600\" height=\"988\" srcset=\"https:\/\/www.msc-wiesau.de\/wordpress\/wp-content\/uploads\/2024\/10\/479be753-7ce1-4d28-b8b6-e56754c93c70.jpeg 1600w, https:\/\/www.msc-wiesau.de\/wordpress\/wp-content\/uploads\/2024\/10\/479be753-7ce1-4d28-b8b6-e56754c93c70-300x185.jpeg 300w, https:\/\/www.msc-wiesau.de\/wordpress\/wp-content\/uploads\/2024\/10\/479be753-7ce1-4d28-b8b6-e56754c93c70-1024x632.jpeg 1024w, https:\/\/www.msc-wiesau.de\/wordpress\/wp-content\/uploads\/2024\/10\/479be753-7ce1-4d28-b8b6-e56754c93c70-768x474.jpeg 768w, https:\/\/www.msc-wiesau.de\/wordpress\/wp-content\/uploads\/2024\/10\/479be753-7ce1-4d28-b8b6-e56754c93c70-1536x948.jpeg 1536w\" sizes=\"auto, (max-width: 767px) 89vw, (max-width: 1000px) 54vw, (max-width: 1071px) 543px, 580px\" \/><\/td>\n<\/tr>\n<tr style=\"height: 26px;\">\n<td style=\"width: 100%; text-align: center; height: 26px;\"><span style=\"font-size: 10pt;\"><strong>Erste Gratulanten nach den Endl\u00e4ufe:<\/strong><\/span><br \/>\n<span style=\"font-size: 10pt;\"><strong>Seine Frau Clarissa und seine Tochter Lea<\/strong><\/span><\/td>\n<\/tr>\n<\/tbody>\n<\/table>\n<hr \/>\n<table style=\"border-collapse: collapse; width: 100%;\">\n<tbody>\n<tr>\n<td style=\"width: 100%;\"><strong>Strafsekunden entscheiden: Heimsieg f\u00fcr Sven Seidel<\/strong><\/td>\n<\/tr>\n<tr>\n<td style=\"width: 100%;\">120 Teilnehmer beim Autoslalom auf dem Flugplatz Erbendorf<br \/>\nAllerbeste \u00e4u\u00dfere Bedingungen herrschten beim 50. Jubil\u00e4ums-Automobilslalom des MSC Wiesau, der bei herrlichem Sp\u00e4tsommerwetter auf dem Flugplatzgel\u00e4nde des Aeroclubs Erbendorf stattfand. Genau 120 Teilnehmerinnen und Teilnehmer gingen auf dem anspruchsvoll mit Pylonen markierten Kurs auf die Jagd nach den besten Zeiten.<br \/>\nDen Anfang machte die Gruppe G, in der 34 Nennungen eingegangen waren. Fabian Sandner vom AC Hof setzte sich mit seinem BMW 318 nicht nur in seiner Klasse, sondern auch in der Gruppenwertung souver\u00e4n durch.<br \/>\nIn der Endphase einer Saison werden regelm\u00e4\u00dfig entscheidende Punkte f\u00fcr die wichtigsten regionalen Meisterschaften vergeben. Der Nordost-Oberfranken-Pokal ist nach diesem Sonntag beendet, den Titel holte sich wie im vergangenen Jahr Florian Fachtan vom AC Friedenfels mit seinem BMW vor Sven Seidel und Fabian Sandner. Fachtan, der seine Klasse F 10 f\u00fcr sich entschied und in der Gruppenwertung bei 44 Startern Dritter hinter Lukas Schmid (MTC Waldkirchen, VW Polo) und Fabian G\u00f6tzenberger (MC Labertal, BMW) wurde, besitzt auch im Regionalpokal Oberfranken die besten Karten, h\u00e4rtester Widersacher ist Andreas Buchner vom ATC Weiden.<br \/>\nNoch zwei Rennen stehen im popul\u00e4ren ADAC-St\u00e4dte-Slalom-Pokal aus, in dem Matthias Nausch (AMC Regen) der f\u00fcnfte Titel in Folge nicht zu nehmen sein wird, auch wenn er sich in der F 8 dem Waldkirchener Lukas Schmid geschlagen geben musste. Einen guten zweiten Platz eroberte Luis Sollfrank (MSV Falkenberg) mit seinem Suzuki Swift in der Klasse F 9, Torsten Hilpert und Laura Sollfrank kamen mit demselben Fahrzeug als Vierter bzw. F\u00fcnfter ins Ziel.<br \/>\nNicht so geeignet scheint die Piste \u00fcbrigens f\u00fcr den Mazda MX 5: Sowohl Hansi Walter in der F 9 als auch Heinz Neumeier in der H 13 mussten sich eher hinten anstellen. Vielleicht braucht\u2019s eine Sonderwertung f\u00fcr japanische Hecktriebler.<br \/>\nUm den Tages-Gesamtsieg wurde abschlie\u00dfend verbissen in der Gruppe H (37 Starter) gek\u00e4mpft. Manuel Buchner (ATC Weiden) unterlag in der Klasse H 12 bis 1300 ccm Hubraum denkbar knapp dem Garchinger Werner Bauer im knallgelben Fiat, in der H 13 bis 1600 ccm f\u00fchrte dann kein Weg an Lokalmatador Sven Seidel im Citroen C 2 vorbei, der mit riesigem Abstand dem Feld davon fuhr. Platz drei ging an Stefan M\u00fcller.<br \/>\nGefahr drohte vor allem von Titelverteidiger Robert Stangl vom AC Nittenau, der 2023 den Flugplatz als Schnellster unter die R\u00e4der genommen hatte. In der Klasse H 14 bis 2000 ccm war der Kadett-Pilot erneut einige Zehntelsekunden flotter unterwegs, allerdings nicht fehlerfrei. F\u00fcr eine geworfene Pylone wurden zu seinen Fahrtzeiten drei Strafsekunden addiert, sodass er am Ende mit dem zweiten Gesamtrang hinter Seidel vorliebnehmen musste \u2013 der ja \u201edaheim noch nie\u201c irgendwas gewonnen hatte.<br \/>\nDie Gruppe \u201eFreestyle\u201c (vier Starter) wurde eine sichere Beute von Richard R\u00f6tzer (MSC Hansenried) in einem bildsch\u00f6nen NSU TT, als beste Dame wurde Simone Unholzer vom AC Deggendorf ausgezeichnet und als beste Slalom-Einsteigerin erwies sich Lea Weileder vom MSC Emmersdorf.<br \/>\nAbgesehen von den bescheidenen Mazda-Resultaten: Der Jubil\u00e4ums-Slalom war eine rundum gelungene Sache, die eingeteilten Startgruppen sorgten daf\u00fcr, dass kurz nach vier das letzte Auto die Lichtschranke passierte \u2013 und damit war der Tag sogar schneller beendet als geplant.<br \/>\nWir bedanken uns beim Aeroclub Erbendorf, bei den Genehmigungsbeh\u00f6rden, bei allen Helferinnen und Helfern, die zum reibungslosen Ablauf beigetragen haben (vor allem bei der Zeitnahme und Moderation!).<\/td>\n<\/tr>\n<tr>\n<td style=\"width: 100%; text-align: center;\"><img loading=\"lazy\" decoding=\"async\" class=\"alignnone size-full wp-image-1899\" src=\"https:\/\/www.msc-wiesau.de\/wordpress\/wp-content\/uploads\/2024\/09\/20240908_155141-scaled.jpg\" alt=\"\" width=\"2560\" height=\"1920\" srcset=\"https:\/\/www.msc-wiesau.de\/wordpress\/wp-content\/uploads\/2024\/09\/20240908_155141-scaled.jpg 2560w, https:\/\/www.msc-wiesau.de\/wordpress\/wp-content\/uploads\/2024\/09\/20240908_155141-300x225.jpg 300w, https:\/\/www.msc-wiesau.de\/wordpress\/wp-content\/uploads\/2024\/09\/20240908_155141-1024x768.jpg 1024w, https:\/\/www.msc-wiesau.de\/wordpress\/wp-content\/uploads\/2024\/09\/20240908_155141-768x576.jpg 768w, https:\/\/www.msc-wiesau.de\/wordpress\/wp-content\/uploads\/2024\/09\/20240908_155141-1536x1152.jpg 1536w, https:\/\/www.msc-wiesau.de\/wordpress\/wp-content\/uploads\/2024\/09\/20240908_155141-2048x1536.jpg 2048w\" sizes=\"auto, (max-width: 767px) 89vw, (max-width: 1000px) 54vw, (max-width: 1071px) 543px, 580px\" \/><\/td>\n<\/tr>\n<tr>\n<td style=\"width: 100%;\">\n<p style=\"text-align: center;\"><strong><span style=\"font-family: arial, helvetica, sans-serif; font-size: 8pt;\">Beim Heimspiel nicht zu schlagen: Sven Seidel vom MSC Wiesau<\/span><\/strong><\/p>\n<\/td>\n<\/tr>\n<\/tbody>\n<\/table>\n<hr \/>\n<table style=\"border-collapse: collapse; width: 100%;\">\n<tbody>\n<tr>\n<td style=\"width: 100%;\"><strong>Wieder gro\u00dfes Interesse am Ferienprogramm des MSC Wiesau in Zusammenarbeit mit dem BRK Wiesau<\/strong><\/td>\n<\/tr>\n<tr>\n<td style=\"width: 100%;\">Wie schon in den letzten Jahren beteiligte sich auch heuer die Jugendgruppe des MSC wieder am Ferienprogramm des Marktes Wiesau. Angeboten hatte man einen Kartschnupperkurs f\u00fcr M\u00e4dchen und Jungen im Alter von 7-14 Jahren. Die angemeldeten Kinder konnten ihre ersten Versuche in einen Kart auf einen Slalomparcours sammeln. Jugendleiter Johannes J\u00e4ger konnte mit seinen Helfern 17 Teilnehmer begr\u00fc\u00dfen. Zuerst wurde die passende Gr\u00f6\u00dfe des Helmes angepasst. Nach einer Einweisung durch den Jugendleiter gingen die Kids zu ersten Fahr\u00fcbungen mit einem Kart \u00fcber. Nach Anfahr- und Brems\u00fcbungen ging es zum Fahren in einem Slalomparcours. Bereits nach wenigen Runden zeigten die Kinder erhebliche Fortschritte in einem Kart. Gr\u00f6\u00dftm\u00f6gliche Sicherheit war auch durch die Funkabschaltung des Motors gegeben. Seit letzten Jahr f\u00fchrt der MSC Wiesau dieses Ferienprogramm mit der Unterst\u00fctzung der BRK Jugendgruppe Wiesau durch. Jugendleiterin Kathrin Ruhland hatte sich in den Pausen zwischen den Runden wieder einige Spiele einfallen lassen und einen kleinen Erste Hilfekurs f\u00fcr die anwesenden Teilnehmer angeboten. Auch versorgte das Helferteam der Jugendgruppe die Kinder mit kostenlosen Getr\u00e4nken. Am Ende des Programms konnte man wieder auf eine erfolgreiche Aktion im Rahmen des Ferienprogramm der Marktgemeinde zur\u00fcckblicken.<\/td>\n<\/tr>\n<tr>\n<td style=\"width: 100%; text-align: center;\"><img loading=\"lazy\" decoding=\"async\" class=\"alignnone size-full wp-image-1880\" src=\"https:\/\/www.msc-wiesau.de\/wordpress\/wp-content\/uploads\/2024\/09\/IMG_4556.jpeg\" alt=\"\" width=\"1539\" height=\"812\" srcset=\"https:\/\/www.msc-wiesau.de\/wordpress\/wp-content\/uploads\/2024\/09\/IMG_4556.jpeg 1539w, https:\/\/www.msc-wiesau.de\/wordpress\/wp-content\/uploads\/2024\/09\/IMG_4556-300x158.jpeg 300w, https:\/\/www.msc-wiesau.de\/wordpress\/wp-content\/uploads\/2024\/09\/IMG_4556-1024x540.jpeg 1024w, https:\/\/www.msc-wiesau.de\/wordpress\/wp-content\/uploads\/2024\/09\/IMG_4556-768x405.jpeg 768w, https:\/\/www.msc-wiesau.de\/wordpress\/wp-content\/uploads\/2024\/09\/IMG_4556-1536x810.jpeg 1536w\" sizes=\"auto, (max-width: 767px) 89vw, (max-width: 1000px) 54vw, (max-width: 1071px) 543px, 580px\" \/><\/td>\n<\/tr>\n<\/tbody>\n<\/table>\n<hr \/>\n<table style=\"border-collapse: collapse; width: 100%;\">\n<tbody>\n<tr>\n<td style=\"width: 100%;\"><strong>Gesamtsieg bei der 2. OSCO-Steinwald-Classic-Tour geht nach Oberfranken<\/strong><\/td>\n<\/tr>\n<tr>\n<td style=\"width: 100%;\">\n<p style=\"text-align: left;\">Altes Blech und blitzender Chrom \u2013 rund 25 Old- und Youngtimer waren am vergangenen Samstag im Kemnather Ortsteil Waldeck zu bestaunen. Darunter befanden sich auch Exoten wie britische Roadster vom Schlage eines seltenen Lotus Super Seven oder eines noch selteneren Sunbeam Rapier.<br \/>\nDie Stadt Kemnath unterst\u00fctzte die in ihrem Konzept einmalige Oldtimer-Tour durch Pr\u00e4sente f\u00fcr alle teilnehmenden Teams und durch die F\u00f6rderung im Rahmen des B\u00fcrger-Budgets.<br \/>\nDie Organisatoren des MSC Wiesau und des OldtimerSlalomCups Oberfranken (OSCO) hatten eine etwa 150 Kilometer lange Rundfahrt durch die Landkreise Tirschenreuth, Bayreuth und Neustadt an der Waldnaab ausgearbeitet, bei der Orientierungsaufgaben anhand von Roadbook-Zeichen oder mit Pfeilen und Punkten versehenen Kartenausschnitten zu l\u00f6sen waren. \u00dcberwacht wurde die korrekte Einhaltung der Strecke durch 33 rechts der Stra\u00dfe aufgestellte Kontrollschilder, die von den Teams in der richtigen Reihenfolge auf der Bordkarte notiert werden sollten.<br \/>\nDazu kamen vier weitere Pr\u00fcfungen, die f\u00fcr Classic-Ausfahrten nach den Richtlinien des ADAC Nordbayern typisch sind, etwa das zentimetergenaue Zur\u00fccklegen einer kurzen Fahrtstrecke, das ebenso exakte Einhalten des seitlichen Abstands zu einem Hindernis oder das Durchfahren einer Mess-Station mit exakt 15 Stundenkilometern.<br \/>\nGestartet wurde die 2. OSCO-Steinwald-Classic-Tour mit Unterst\u00fctzung durch den Heimat- und Kulturverein Waldeck um 10.31 Uhr im historischen Markt Waldeck. Die abwechslungsreiche Route f\u00fchrte auf wenig befahrenen Nebenstra\u00dfen \u00fcber Kulmain, Immenreuth, Kirchenpingarten, Seybothenreuth und Speichersdorf nach K\u00f6tzersdorf bei Kemnath, wo eine einst\u00fcndige Mittagspause eingelegt wurde. Am Nachmittag passierten die Fahrzeuge dann Oberbibrach, Pressath, Trabitz, Kemnath und noch einmal Kulmain, bevor sie wieder das Ziel in Waldeck ansteuern konnten. Der wichtigste Zwischenstopp befand sich im beschaulichen Riggau: Dort wurden die Teilnehmerinnen und Teilnehmer mit einer kleinen St\u00e4rkung und einer Erfrischung versorgt.<br \/>\nMit lediglich 9,5 Strafpunkten sicherte sich das Team Reinhard Jakob\/Ulrich Hofmann vom MSC M\u00fcnchberg\/MSC Helmbrechts im \u00e4ltesten Fahrzeug, dem 1960 gebauten britischen Sunbeam Rapier, den Gesamtsieg \u2013 und nat\u00fcrlich auch den Sieg in der Klasse F (Fahrzeuge bis Baujahr 1970). Einen Strafpunkt mehr sammelten Horst Str\u00f6\u00dfenreuther und Erich Denzler vom MSC Presseck, die mit ihrem BMW Alpina B 6 die Klasse G (Baujahr bis 1994) f\u00fcr sich entschieden. Auf dem dritten Gesamtrang landete das beste Youngtimer-Team (Baujahr bis 2004): Michael B\u00f6hner und Andreas Hei\u00dfinger vom MSC Gefrees verzeichneten mit ihrem Mini Cooper 14,5 Z\u00e4hler.<br \/>\nDie F\u00fchrenden im ADAC-Pokal f\u00fcr historische Fahrzeuge, Alexander Kie\u00dfling, Arthur Kie\u00dfling, J\u00fcrgen Popp und Herbert Hofmann kamen \u00fcber Platzierungen im Mittelfeld nicht hinaus, sodass der Ausgang dieser Meisterschaft weiter spannend bleibt.<\/p>\n<p style=\"text-align: center;\"><img loading=\"lazy\" decoding=\"async\" class=\"wp-image-1872 aligncenter\" src=\"https:\/\/www.msc-wiesau.de\/wordpress\/wp-content\/uploads\/2024\/08\/Mutschler-Mac.jpg\" alt=\"\" width=\"450\" height=\"247\" srcset=\"https:\/\/www.msc-wiesau.de\/wordpress\/wp-content\/uploads\/2024\/08\/Mutschler-Mac.jpg 833w, https:\/\/www.msc-wiesau.de\/wordpress\/wp-content\/uploads\/2024\/08\/Mutschler-Mac-300x165.jpg 300w, https:\/\/www.msc-wiesau.de\/wordpress\/wp-content\/uploads\/2024\/08\/Mutschler-Mac-768x421.jpg 768w\" sizes=\"auto, (max-width: 450px) 100vw, 450px\" \/><br \/>\n<span style=\"font-size: 8pt;\"><strong>Spektakul\u00e4r: Der Lotus Super Seven von Mac Mutschler von den Oldtimerfreunden Stamsried.<br \/>\n<\/strong><strong>Bild: Barbara Krauthahn<br \/>\n<\/strong><\/span>Die Gesamtsieger Reinhard Jakob (links) und Ulrich Hofmann (rechts) freuen sich \u00fcber die von Fahrtleiter Hans Walter \u00fcberreichten Gesamtsiegerpokale.<br \/>\n<img loading=\"lazy\" decoding=\"async\" class=\"alignnone wp-image-1871\" src=\"https:\/\/www.msc-wiesau.de\/wordpress\/wp-content\/uploads\/2024\/08\/IMG_9200-scaled.jpg\" alt=\"\" width=\"369\" height=\"554\" srcset=\"https:\/\/www.msc-wiesau.de\/wordpress\/wp-content\/uploads\/2024\/08\/IMG_9200-scaled.jpg 1707w, https:\/\/www.msc-wiesau.de\/wordpress\/wp-content\/uploads\/2024\/08\/IMG_9200-200x300.jpg 200w, https:\/\/www.msc-wiesau.de\/wordpress\/wp-content\/uploads\/2024\/08\/IMG_9200-683x1024.jpg 683w, https:\/\/www.msc-wiesau.de\/wordpress\/wp-content\/uploads\/2024\/08\/IMG_9200-768x1152.jpg 768w, https:\/\/www.msc-wiesau.de\/wordpress\/wp-content\/uploads\/2024\/08\/IMG_9200-1024x1536.jpg 1024w, https:\/\/www.msc-wiesau.de\/wordpress\/wp-content\/uploads\/2024\/08\/IMG_9200-1365x2048.jpg 1365w\" sizes=\"auto, (max-width: 369px) 100vw, 369px\" \/><br \/>\n<span style=\"font-size: 8pt;\"><strong>Bild: Beate Grillmeier<\/strong><\/span><\/p>\n<\/td>\n<\/tr>\n<\/tbody>\n<\/table>\n<hr \/>\n<table style=\"border-collapse: collapse; width: 100%;\">\n<tbody>\n<tr>\n<td style=\"width: 100%;\"><strong>ADAC Nordbayernfinale im Kartslalom sorgt f\u00fcr spannenden Motorsport<\/strong><\/td>\n<\/tr>\n<tr>\n<td style=\"width: 100%;\">Ende Juli fand auf dem Parkplatz der Berufsschule in Wiesau der Endlauf zur Nordbayerischen ADAC Kartslalommeisterschaft 2024. Ausrichter war der MSC Wiesau. Jugendkartslalomsport hat beim MSC schon eine lange Tradition. Nach 2011 fand dieses Finale zum zweiten Mal in der Steinwaldgemeinde statt. Ende Februar erhielt der Ortsclub vom ADAC Nordbayern den Zuschlag diesen Endlauf auf dem Gel\u00e4nde der Berufsschule durchzuf\u00fchren. Insgesamt hatten sich 100 M\u00e4dchen und Jungen aus den 4 Regionen Oberfranken, Mittelfranken, Unterfranken und der Oberpfalz \u00fcber Vorl\u00e4ufe f\u00fcr diesen Event in Wiesau qualifiziert. In 5 Altersklassen eingeteilt wurden dann die Sieger und Platzierten ermittelt. In der Klasse 1 (7-9 Jahre) konnte Jonas Heinze (MSC Fr\u00e4nkische Schweiz) den Pokal f\u00fcr den 1.Platz in Empfang nehmen. Rang 2 und 3 gingen an Simon Bscherer (AC Waldershof) und Lukas W\u00f6lfel (MSC Fr\u00e4nkische Schweiz). In der Klasse 2 (10\/11 Jahre) ging der Titel an Sebastian Kalz vom (MC Ansbach) neben im auf dem Siegertreppchen standen Manuel Grail (MSC Knetzgau) und Michail Popov vom MSC Marktredwitz. Die Altersklasse 3 (12\/13 Jahre) entschied der f\u00fcr den AC Waldershof startende Phil Hawel. Die Pl\u00e4tze 2 und 3 gingen an jungen Damen vom MSC Marktredwitz Fabienne Gerstner und Darja Popov. Der Titel in der Klasse 4 ging in die Oberpfalz Louis Sebald konnte sich gegen die Konkurrenz durchsetzen er startet f\u00fcr den MSC Auerbach. Mit Lauris Heid (AMSC Hammelburg) und Nico Schendzielorz (MC Bad Neustadt) standen zwei Fahrer aus Unterfranken auf den Podest neben Sebald. Die Altersklasse 5 (16-18 Jahre) konnte Colin Halbig (MC Ansbach) f\u00fcr sich entscheiden. Auf Platz 2, Nils Bauer vom AC Waldershof und Platz 3 f\u00fcr Kim Raffael B\u00f6hnlein vom MSC Knetzgau. Die ersten Drei jeder Altersklasse vertreten den ADAC Nordbayern dann beim ADAC Bundesfinale das im Oktober in Garmisch-Partenkirchen ausgetragen wird.<br \/>\nInsgesamt waren fast 50 Helfer vom MSC Wiesau und den benachbarten Clubs im Einsatz.<br \/>\nEin Dank auch an das BRK Wiesau und die Beh\u00f6rden sowie der Marktgemeinde f\u00fcr ihre Unterst\u00fctzung. Sie sorgten f\u00fcr einen reibungslosen Ablauf der Veranstaltung.<\/td>\n<\/tr>\n<tr>\n<td style=\"width: 100%; text-align: center;\"><img loading=\"lazy\" decoding=\"async\" class=\"alignnone size-full wp-image-1838\" src=\"https:\/\/www.msc-wiesau.de\/wordpress\/wp-content\/uploads\/2024\/08\/38f24032-175d-4f5a-850d-2d6f5ceb0689.jpeg\" alt=\"\" width=\"1952\" height=\"866\" srcset=\"https:\/\/www.msc-wiesau.de\/wordpress\/wp-content\/uploads\/2024\/08\/38f24032-175d-4f5a-850d-2d6f5ceb0689.jpeg 1952w, https:\/\/www.msc-wiesau.de\/wordpress\/wp-content\/uploads\/2024\/08\/38f24032-175d-4f5a-850d-2d6f5ceb0689-300x133.jpeg 300w, https:\/\/www.msc-wiesau.de\/wordpress\/wp-content\/uploads\/2024\/08\/38f24032-175d-4f5a-850d-2d6f5ceb0689-1024x454.jpeg 1024w, https:\/\/www.msc-wiesau.de\/wordpress\/wp-content\/uploads\/2024\/08\/38f24032-175d-4f5a-850d-2d6f5ceb0689-768x341.jpeg 768w, https:\/\/www.msc-wiesau.de\/wordpress\/wp-content\/uploads\/2024\/08\/38f24032-175d-4f5a-850d-2d6f5ceb0689-1536x681.jpeg 1536w\" sizes=\"auto, (max-width: 767px) 89vw, (max-width: 1000px) 54vw, (max-width: 1071px) 543px, 580px\" \/><\/td>\n<\/tr>\n<\/tbody>\n<\/table>\n<hr \/>\n<table style=\"border-collapse: collapse; width: 100%;\">\n<tbody>\n<tr>\n<td style=\"width: 100%;\"><strong>Weiterer Klassensieg f\u00fcr Sven Seidel beim Lauf zur Deutschen Meisterschaft<\/strong><\/td>\n<\/tr>\n<tr>\n<td style=\"width: 100%;\">Am letzten Wochenende fand in Bonndorf der 3.Lauf zur Deutschen Slalommeisterschaft der Region S\u00fcd statt. Auf der Landstra\u00dfe zwischen den im Schwarzwald gelegenen Bonndorf und Steinas\u00e4ge richtete der AMC Bonndorf seit Jahren einen Automobilslalom aus. Heuer mit einem Deutschen Pr\u00e4dikat. Die Strecke mit einer Gesamtl\u00e4nge von 1,7 km lockt immer wieder Fahrer aus dem gesamten S\u00fcddeutschen Raum in den Schwarzwald. Insgesamt hatten 90 Teilnehmer\/innen ihre Nennung abgegeben. Neben Sven Seidel der in der Gruppe H bis 1600ccm startet hatten noch weitere 5 Fahrer gemeldet. F\u00fcr den Routinier war die Strecke Neuland nicht einfach, da die Konkurrenz hier Erfahrung aufweisen konnte. Auch gab es seit den ersten beiden L\u00e4ufen einige \u00c4nderungen am Citroen C2. Bereits im Trainingslauf zeigte der Wiesauer dass er trotzdem ein W\u00f6rtchen um den Klassensieg mitreden wollte. Insgesamt wurden 3 Wertungsl\u00e4ufe gefahren. Schon im 1 Wertungslauf zeigte er sein ganzes K\u00f6nnen und fuhr mit 59,34 Sekunden als einziger Fahrer unter einer Minute gefolgt von Maik Konrad mit 1.02.92. Im 2.Werungslauf konnte sich der Fahrer des MSC Wiesau nochmals steigern was aber nicht fehlerfrei blieb. Mit K\u00f6nnen und Gl\u00fcck konnte er einen Abflug verhindern was aber 2 Pylonen Fehler, sprich 6 Strafsekunden kostete. Trotz dieser Fehler konnte Seidel seine F\u00fchrung behalten. Im 3.Lauf ging es darum den Vorsprung zu verteidigen, bei 1.00.93 blieb die Uhr stehen, was auch wiederum die schnellste Zeit der Klasse war. Am Ende konnte der Wiesauer einen weiteren Klassensieg feiern. Durch diesen Sieg konnte er sich auf den 6.Rang der Region S\u00fcd verbessern. Der n\u00e4chste Lauf findet Ende Juli in Waldkraiburg statt.<\/td>\n<\/tr>\n<tr>\n<td style=\"width: 100%; text-align: center;\"><img loading=\"lazy\" decoding=\"async\" class=\"alignnone size-full wp-image-1784\" src=\"https:\/\/www.msc-wiesau.de\/wordpress\/wp-content\/uploads\/2024\/07\/sven-in-deggendorf.jpg\" alt=\"\" width=\"2048\" height=\"1366\" srcset=\"https:\/\/www.msc-wiesau.de\/wordpress\/wp-content\/uploads\/2024\/07\/sven-in-deggendorf.jpg 2048w, https:\/\/www.msc-wiesau.de\/wordpress\/wp-content\/uploads\/2024\/07\/sven-in-deggendorf-300x200.jpg 300w, https:\/\/www.msc-wiesau.de\/wordpress\/wp-content\/uploads\/2024\/07\/sven-in-deggendorf-1024x683.jpg 1024w, https:\/\/www.msc-wiesau.de\/wordpress\/wp-content\/uploads\/2024\/07\/sven-in-deggendorf-768x512.jpg 768w, https:\/\/www.msc-wiesau.de\/wordpress\/wp-content\/uploads\/2024\/07\/sven-in-deggendorf-1536x1025.jpg 1536w\" sizes=\"auto, (max-width: 767px) 89vw, (max-width: 1000px) 54vw, (max-width: 1071px) 543px, 580px\" \/><\/td>\n<\/tr>\n<tr>\n<td style=\"width: 100%; text-align: center;\"><span style=\"font-size: 8pt;\"><strong>Foto:\u00a0 K. und L Rallyefoto<\/strong><\/span><br \/>\n<span style=\"font-size: 8pt;\"><strong>Fahrer: Seidel Sven<\/strong><\/span><\/td>\n<\/tr>\n<\/tbody>\n<\/table>\n<hr \/>\n<table style=\"width: 100%; border-style: solid; border-color: #000000; background-color: #d1cdcd;\">\n<tbody>\n<tr style=\"border-color: #000000; border-style: solid;\">\n<td style=\"width: 99.6035%;\" colspan=\"3\"><span style=\"font-size: 18pt;\"><strong>Trauernachricht<\/strong><\/span><\/td>\n<\/tr>\n<tr style=\"border-color: #000000; border-style: solid;\">\n<td style=\"width: 64.6035%;\" colspan=\"2\"><strong>Trauer um Manfred Czurda<\/strong><\/p>\n<p><strong>Mit gro\u00dfer Betroffenheit haben wir die Nachricht \u00fcber den Tod unseres langj\u00e4hrigen Mitgliedes und Kassenpr\u00fcfers Manfred Czurda <\/strong><strong>auf genommen, Mane hatte immer ein offenes Ohr f\u00fcr den MSC und den Motorsport<\/strong><\/p>\n<p>&nbsp;<\/p>\n<p><span style=\"font-family: arial, helvetica, sans-serif; font-size: 14pt;\"><strong>Ruhe in Frieden Ma<\/strong><\/span><span style=\"font-family: arial, helvetica, sans-serif; font-size: 14pt;\"><strong>n<\/strong><\/span><span style=\"font-family: arial, helvetica, sans-serif; font-size: 14pt;\"><strong>e<\/strong><\/span><\/p>\n<p><strong><em>\u00a0<\/em><\/strong><\/td>\n<td style=\"width: 35%;\"><img loading=\"lazy\" decoding=\"async\" class=\"alignnone size-full wp-image-1776\" src=\"https:\/\/www.msc-wiesau.de\/wordpress\/wp-content\/uploads\/2024\/07\/IMG_4396-e1720248328842.jpeg\" alt=\"\" width=\"176\" height=\"181\" \/><\/td>\n<\/tr>\n<\/tbody>\n<\/table>\n<hr \/>\n<table style=\"border-collapse: collapse; width: 100%;\">\n<tbody>\n<tr>\n<td style=\"width: 100%;\"><strong>Erfolge auch f\u00fcr den MSC<\/strong><\/td>\n<\/tr>\n<tr>\n<td style=\"width: 100%;\">Gl\u00fcck hatte der MSC Wiesau vor allem mit dem Wetter. Beim 7. und 8. OSCO-Slalom am 30. Juni blieb es im Wiesauer Industriegebiet weitgehend trocken und die Temperaturen bewegten sich durchgehend im Wohlf\u00fchl-Bereich.<br \/>\nWeniger Gl\u00fcck hatte der MSC mit der Kaffeemaschine \u2013 wer am Kabel zieht, sollte halt einfach vorher schauen, was da am Ende h\u00e4ngt. Gel\u00f6st werden konnte das Problem am Ende aber doch.<br \/>\nDie Rekord-Starterzahlen des Vorjahres wurden nicht erreicht, und auch personell mussten wir auf wichtige Leute verzichten. Das lag vor allem am mehrfach verschobenen Termin, der sich mit dem DM-Slalom in Bonndorf, dem St\u00e4dte-Pokallauf beim MSC Dreiburgenland und dem Slalom Youngster-Cup \u00fcberschnitt. Hatte nat\u00fcrlich auch Vorteile: So fr\u00fchzeitig waren wir noch nie fertig.<br \/>\n23 Teilnehmer und eine Teilnehmerin (Laura Sollfrank) traten zum Vormittags-Rennen auf der fl\u00fcssigen Strecke an, die von einigen durchaus gelobt wurde (\u201eDa fahr ich doch viel lieber hier als beim Flugplatz-Slalom des AC Hof\u201c, R.B. aus W.).<br \/>\nDass die Gleichm\u00e4\u00dfigkeits-Spezialisten inzwischen auf einem erstaunlichen Niveau unterwegs sind, unterstreicht der Umstand, dass sich nur wenige eine Zeitdifferenz von mehr als einer Sekunde zwischen den beiden L\u00e4ufen erlaubten. Am genauesten schaffte das Reinhard Bayer \u2013 Just for fun \u00fcbrigens -, der im zweiten Durchgang nur vier Hundertstelsekunden zu lange auf der Strecke war. \u00dcberhaupt lie\u00df es der Waldershofer richtig fliegen und erreichte bei allen seinen Versuchen Zeiten um 39 Sekunden.<br \/>\nAuf Platz zwei kam Martin Pietschmann vom AMC Coburg mit einer Differenz von acht Hundertsteln, aber auch der MSC Wiesau ging nicht leer aus: Hansi Walter wurde trotz todkranker Kupplung Dritter (neun Hundertstel). Die Falkenberger Torsten Hilpert und Laura Sollfrank kamen auf die Pl\u00e4tze 12 und 13, Manfred Keller wurde Sechzehnter. Josef Wolfrum vom MSC Tirschenreuth hatte lange geschlafen, war trotzdem m\u00fcde und kehrte schon vor der eigentlichen Wende um. Immerhin blieb der neue Zaun unbesch\u00e4digt.<br \/>\nIm zweiten Rennen kamen dann gleich drei Starter auf die Differenz von neun Hundertstelsekunden, sodass das Baujahr des Sportger\u00e4ts den Ausschlag geben musste. Mit dem (relativ) jungen Opel Kadett E kam Thommy Fleischer (AMSC Bindlach) auf den vierten Platz, Stefan B\u00f6hm (MSC Bayreuth) wurde im Manta (Baujahr 1979) Dritter. Die Lorbeeren f\u00fcr den MSC Wiesau holte diesmal Manfred Keller, dessen Kadett noch einmal zwei Jahre \u00e4lter ist als der Manta. Au\u00dferdem ist der Mane auch \u00e4lter als der Stefan B\u00f6hm.<br \/>\nZum Sieg reichte das aber nicht: Unter den jetzt nach zwei technischen Defekten nur noch 22 Startern wiederholte Michael Bayer vom AMSC Bindlach seinen Vorjahresersfolg, und wieder reichte die Abweichung von vier Hundertstelsekunden zum Sieg. Torsten Hilpert konnte sich \u00fcber den f\u00fcnften Platz freuen, Laura Sollfrank war mit Rang 20 weniger gl\u00fccklich.<\/td>\n<\/tr>\n<tr>\n<td style=\"width: 100%; text-align: center;\"><img loading=\"lazy\" decoding=\"async\" class=\"alignnone wp-image-1771\" src=\"https:\/\/www.msc-wiesau.de\/wordpress\/wp-content\/uploads\/2024\/07\/Bayer-Reinhard1.jpg\" alt=\"\" width=\"273\" height=\"182\" srcset=\"https:\/\/www.msc-wiesau.de\/wordpress\/wp-content\/uploads\/2024\/07\/Bayer-Reinhard1.jpg 2048w, https:\/\/www.msc-wiesau.de\/wordpress\/wp-content\/uploads\/2024\/07\/Bayer-Reinhard1-300x200.jpg 300w, https:\/\/www.msc-wiesau.de\/wordpress\/wp-content\/uploads\/2024\/07\/Bayer-Reinhard1-1024x683.jpg 1024w, https:\/\/www.msc-wiesau.de\/wordpress\/wp-content\/uploads\/2024\/07\/Bayer-Reinhard1-768x512.jpg 768w, https:\/\/www.msc-wiesau.de\/wordpress\/wp-content\/uploads\/2024\/07\/Bayer-Reinhard1-1536x1024.jpg 1536w\" sizes=\"auto, (max-width: 273px) 100vw, 273px\" \/> <img loading=\"lazy\" decoding=\"async\" class=\"alignnone wp-image-1772\" src=\"https:\/\/www.msc-wiesau.de\/wordpress\/wp-content\/uploads\/2024\/07\/Bayer-Michael.jpg\" alt=\"\" width=\"272\" height=\"181\" srcset=\"https:\/\/www.msc-wiesau.de\/wordpress\/wp-content\/uploads\/2024\/07\/Bayer-Michael.jpg 2048w, https:\/\/www.msc-wiesau.de\/wordpress\/wp-content\/uploads\/2024\/07\/Bayer-Michael-300x200.jpg 300w, https:\/\/www.msc-wiesau.de\/wordpress\/wp-content\/uploads\/2024\/07\/Bayer-Michael-1024x683.jpg 1024w, https:\/\/www.msc-wiesau.de\/wordpress\/wp-content\/uploads\/2024\/07\/Bayer-Michael-768x512.jpg 768w, https:\/\/www.msc-wiesau.de\/wordpress\/wp-content\/uploads\/2024\/07\/Bayer-Michael-1536x1024.jpg 1536w\" sizes=\"auto, (max-width: 272px) 100vw, 272px\" \/><\/td>\n<\/tr>\n<tr>\n<td style=\"width: 100%;\">\n<p style=\"text-align: center;\"><span style=\"font-size: 10pt;\"><strong>Der Sieger ist immer EIN Bayer: <\/strong><\/span><br \/>\n<span style=\"font-size: 10pt;\"><strong>Links der Reinhard und rechts der Michael.<\/strong><\/span><\/p>\n<\/td>\n<\/tr>\n<\/tbody>\n<\/table>\n<hr \/>\n<table style=\"border-collapse: collapse; width: 100%;\">\n<tbody>\n<tr>\n<td style=\"width: 100%;\"><strong>Mikka Trapp in Ampfing in den Top Ten in der Rotax Max Challenge<\/strong><\/td>\n<\/tr>\n<tr>\n<td style=\"width: 100%;\">Am letzten Wochenende wurde auf den Schweppermannring in Ampfing der 3.Lauf zur Rotax Max Challenge Germany 2024 ausgetragen. Nach dem guten Einstand beim Saisonbeginn im April in Wackerdorf wollte der 14-J\u00e4hrige aus Pechbrunn nat\u00fcrlich wieder mit einem guten Ergebnis gl\u00e4nzen. Bereits am Freitag fanden die ersten freien Trainingseinheiten statt.<br \/>\nLeider kam es hier zu einer unverschuldeten Kollision mit einem Kollegen.<br \/>\nDurch diese Kollision wurde das Kart erheblich besch\u00e4digt. Achsgeometrie und Lenkung wurden in Mitleidenschaft gezogen. Dank seines Vaters Niklas der als Mechaniker fungiert und den Team Nees wurde das Kart f\u00fcr die Training und Heats am Samstag wieder top vorbereitet. Die 41 Teilnehmer\/innen wurden vom Veranstalter in 2 Gruppen eingeteilt. Trapp wurde in Gruppe 1 gelost.<br \/>\nBereits im Warm-up zeigte sich der junge Nachwuchsfahrer vom MSC Wiesau gut erholt von der Kollision am Freitag. Auch das Kart funktionierte sehr gut. Mit Rang 4 in seiner Gruppe beim Warm-Up zeigte Trapp das mit ihm zu rechnen war. Nach dem Zeittraining lag Trapp auf einen guten 9.Platz seiner Gruppe 3\/10 Sekunden hinter dem f\u00fchrenden Denis Thum.<br \/>\nNach dem Qualifying der beiden Gruppen, wurden die 41 Starter\/innen in 3 Gruppen f\u00fcr die beiden Heats (Rennen)aufgeteilt. Mikka Trapp wurde Aufgrund seines Ergebnisses in die Gruppe B eingeteilt. Von Startplatz 11 ging es dann in das erste Rennen. Durch konstant schnelle Zeiten fuhr er sich auf Rang 7 nach vorne. Im zweiten Rennen am Samstag ging Trapp von der 6 Reihe Startplatz 12 ins Rennen. Am Sonntag dann das 3.Rennen nach 18 Runden beendete der junge Nachwuchsfahrer mit einer gro\u00dfartigen Leistung auf den 6. Rang.<br \/>\nAm sp\u00e4ten Nachmittag stand dann das Finale der besten 36 auf dem Programm. Trapp ging nach den Ergebnissen der 3 Rennen von Startplatz 10 ins Rennen. Hier zeigte sich das er zu den Spitzenfahrern bei den Senioren geh\u00f6rt. Bereits nach 3 Runden fuhr er auf Rang 8 in der Spitzengruppe, die sich vom Rest des Feldes absetzte. Immer wechselte Positionsk\u00e4mpfe in dieser Gruppe am Ende der 20 Runden wurde Trapp als Siebenter abgewunken. Leider l\u00f6ste sich in diesen harten Rennen um die Pl\u00e4tze der Spoiler ab, was eine 5 Sekunden Zeitstrafe zur Folge hatte. Dieser warf in auf Rang 12 zur\u00fcck. Auch bei der Nachuntersuchung des Motors konnten keine Unregelm\u00e4\u00dfigkeiten festgestellt werden. Das ganze Wochenende konnte der Nachwuchsfahrer sich steigern Am Ende lagen die Rundenzeiten gerade mal 2\/10 Sekunden hinter dem Schnellsten. Mit seinen 14 Jahren ist Mikka Trapp einer der j\u00fcngsten Fahrer bei den Senioren mit beachtlichen Leistungen.<\/td>\n<\/tr>\n<tr>\n<td style=\"width: 100%; text-align: center;\"><img loading=\"lazy\" decoding=\"async\" class=\"alignnone size-full wp-image-1761\" src=\"https:\/\/www.msc-wiesau.de\/wordpress\/wp-content\/uploads\/2024\/06\/IMG_4336-e1719204819328.jpeg\" alt=\"\" width=\"316\" height=\"206\" srcset=\"https:\/\/www.msc-wiesau.de\/wordpress\/wp-content\/uploads\/2024\/06\/IMG_4336-e1719204819328.jpeg 316w, https:\/\/www.msc-wiesau.de\/wordpress\/wp-content\/uploads\/2024\/06\/IMG_4336-e1719204819328-300x196.jpeg 300w\" sizes=\"auto, (max-width: 316px) 100vw, 316px\" \/><\/td>\n<\/tr>\n<\/tbody>\n<\/table>\n<hr \/>\n<table style=\"border-collapse: collapse; width: 100%;\">\n<tbody>\n<tr>\n<td style=\"width: 100%;\"><strong>Titelverteidigung erfolgreich abgeschlossen<\/strong>.<\/td>\n<\/tr>\n<tr>\n<td style=\"width: 100%;\">Nach dem Erfolg beim 12 Stunden Rennen in H\u00f6chst\u00e4dt im Jahr 2023 konnte das Team \u201eDer flotte Zweier \u201cden Titel auch in diesem Jahr verteidigen. Bei den 12 Stunden von H\u00f6chst\u00e4dt am 11.Mai handelt es sich um ein mehrst\u00fcndiges Rennen im Autocrossbereich. Neben der Veranstaltung auf dem KTM-Ring in H\u00f6chst\u00e4dt finden 2024 noch die Veranstaltungen im Ungarischen Nyirad, Kecel und D\u00f6ms\u00f6d statt. Nachdem das Team mit den Fahrern, Sven Seidel, Dominik Schraml (MSC Wiesau) Kilian Nierenz (AMC Naila) sowie Michael (Mike) Wunder (MSC Nordhalben) und den beiden Fahrerinnen Milena Raithel(AMC Naila) und Natascha Schraml sich intensiv auf das Rennen vorbereitet hatten, wollte man nat\u00fcrlich den Erfolg aus dem letzten Jahr wiederholen. Auch das Einsatzauto der VW Golf wurde \u00fcberholt und verbessert damit man mit der Konkurrenz mithalten konnte. Eine neue Tankanlage sorgte f\u00fcr schnelleres bef\u00fcllen des Kraftstoffes was die Tankstops deutlich verk\u00fcrzte. Nach dem Qualifying lag das Nordbayerische Team auf Rang 20 von insgesamt 49 Teams. P\u00fcnktlich um 8.00 Uhr wurde mit der Startflagge das Rennen frei gegeben. Entscheidend bei Langstreckenrennen sind die Taktik, die Fahrerwechsel sowie die Tankstops. Auch wurde das Team an diesem Tag von keinen gr\u00f6\u00dferen technischen Problemen geplagt. Bereits nach der H\u00e4lfte des Rennens zeigte sich das man um den Sieg mitfahren konnte. Auch die Fahrerwechsel liefen ohne gr\u00f6\u00dfere Probleme. Um 20.00 Uhr wurde das Team \u201eDer flotte Zweier\u201c als Sieger abgewunken. Insgesamt hatte man 608 Runden auf dem KTM-Ring absolviert. Das waren 12 Runden mehr als das zweitplatzierte Team.<br \/>\nNach diesem Erfolg freut sich das gesamte Team schon auf 2025, wo Sie versuchen wollen den Hattrick zu schaffen.<\/td>\n<\/tr>\n<tr>\n<td style=\"width: 100%; text-align: center;\"><img loading=\"lazy\" decoding=\"async\" class=\"alignnone size-full wp-image-1732\" src=\"https:\/\/www.msc-wiesau.de\/wordpress\/wp-content\/uploads\/2024\/05\/51317a09-927c-44ee-842c-c153075ff5b7.jpeg\" alt=\"\" width=\"2048\" height=\"1536\" srcset=\"https:\/\/www.msc-wiesau.de\/wordpress\/wp-content\/uploads\/2024\/05\/51317a09-927c-44ee-842c-c153075ff5b7.jpeg 2048w, https:\/\/www.msc-wiesau.de\/wordpress\/wp-content\/uploads\/2024\/05\/51317a09-927c-44ee-842c-c153075ff5b7-300x225.jpeg 300w, https:\/\/www.msc-wiesau.de\/wordpress\/wp-content\/uploads\/2024\/05\/51317a09-927c-44ee-842c-c153075ff5b7-1024x768.jpeg 1024w, https:\/\/www.msc-wiesau.de\/wordpress\/wp-content\/uploads\/2024\/05\/51317a09-927c-44ee-842c-c153075ff5b7-768x576.jpeg 768w, https:\/\/www.msc-wiesau.de\/wordpress\/wp-content\/uploads\/2024\/05\/51317a09-927c-44ee-842c-c153075ff5b7-1536x1152.jpeg 1536w\" sizes=\"auto, (max-width: 767px) 89vw, (max-width: 1000px) 54vw, (max-width: 1071px) 543px, 580px\" \/><\/td>\n<\/tr>\n<\/tbody>\n<\/table>\n<hr \/>\n<table style=\"border-collapse: collapse; width: 100%;\">\n<tbody>\n<tr>\n<td style=\"width: 100%;\"><strong>F\u00e4llt schwer: Gesamtsiege nach Oberfranken<\/strong><br \/>\n(Fast) perfekte Organisation beim Cross-Slalom des MSC Wiesau in H\u00f6chst\u00e4dt<\/td>\n<\/tr>\n<tr>\n<td style=\"width: 100%;\">Die Rekordbeteiligung des Vorjahres wurde nicht erreicht, die Organisatoren des MSC Wiesau waren am Ende aber dennoch mehr als zufrieden.<br \/>\nZum 7. und 8. Werner-Marth-Ged\u00e4chtnis-Cross-Slalom auf dem KTM-Ring in H\u00f6chst\u00e4dt gingen trotz des v\u00f6llig unprofessionellen Nennsystems 29 Anmeldungen ein.<br \/>\nStarterlisten, Zeitnahme und Auswertung funktionierten \u00fcbrigens trotzdem reibungslos.<br \/>\nIn perfektem Zustand pr\u00e4sentierte sich der Rundkurs auf einem anspruchsvollen und schnellen Parcours im Fichtelgebirge. Leichter Regen verhinderte das Entstehen der h\u00f6chstens bei Fotografen beliebten Staubwolken. Keine Probleme gab\u2019s bei den Rennen: Zu Unf\u00e4llen kam es nicht, und mit widerspenstiger Technik am Audi quattro hatte nur Tom Zschammer zu k\u00e4mpfen. Wahrscheinlich ein M\u00e4dchenauto.<br \/>\nErfolge f\u00fcr die Oberpfalz konnte nur Werner Paschke vom MSC Tirschenreuth einfahren: Seine Klasse der Spezialfahrzeuge bis 1300 ccm Hubraum entschied er am Vormittag f\u00fcr sich, beim zweiten Rennen musste er sich knapp geschlagen geben. Tut nat\u00fcrlich weh, wenn fast das gesamte Preisgeld nach Oberfranken wandert.<br \/>\nDaher kamen n\u00e4mlich die meisten Teilnehmer und die einzige Teilnehmerin, am Vortag waren aber bereits drei Teams aus Th\u00fcringen und ein Fahrer des MC Neuhausen\/M\u00fcnchen angereist.<br \/>\nDen Pokal f\u00fcr den Gesamtsieg beim 7. Werner-Marth-Ged\u00e4chtnis-Cross-Slalom holte sich Frank Hornfeck vom AMC Naila in einem ebenfalls allradgetriebenen Opel Vectra. Bei der 8. Auflage hatte dann Mark Schindler vom MSC Gefrees im Subara Impreza knapp die Nase vorn.<br \/>\nErfreulich aus Veranstaltersicht: Nicht nur die von Daniela Seidel sensationell gestalteten Preisgeld-Kuverts wurden ausnahmslos an den Mann gebracht \u2013 sondern auch s\u00e4mtliche Wiener. Was der Vereinskasse wesentlich besser tut.<\/td>\n<\/tr>\n<tr>\n<td style=\"width: 100%;\">\u00a0<img loading=\"lazy\" decoding=\"async\" class=\"alignnone size-full wp-image-1713\" src=\"https:\/\/www.msc-wiesau.de\/wordpress\/wp-content\/uploads\/2024\/05\/Hornfeck-Frank.jpg\" alt=\"\" width=\"1173\" height=\"809\" srcset=\"https:\/\/www.msc-wiesau.de\/wordpress\/wp-content\/uploads\/2024\/05\/Hornfeck-Frank.jpg 1173w, https:\/\/www.msc-wiesau.de\/wordpress\/wp-content\/uploads\/2024\/05\/Hornfeck-Frank-300x207.jpg 300w, https:\/\/www.msc-wiesau.de\/wordpress\/wp-content\/uploads\/2024\/05\/Hornfeck-Frank-1024x706.jpg 1024w, https:\/\/www.msc-wiesau.de\/wordpress\/wp-content\/uploads\/2024\/05\/Hornfeck-Frank-768x530.jpg 768w\" sizes=\"auto, (max-width: 767px) 89vw, (max-width: 1000px) 54vw, (max-width: 1071px) 543px, 580px\" \/><\/td>\n<\/tr>\n<tr>\n<td style=\"width: 100%;\">\n<p style=\"text-align: center;\"><strong><span style=\"font-family: arial, helvetica, sans-serif; font-size: 10pt;\">Gesamtsieger am Vormittag: Frank Hornfeck (AMC Naila)<\/span><\/strong><\/p>\n<\/td>\n<\/tr>\n<tr>\n<td style=\"width: 100%;\"><img loading=\"lazy\" decoding=\"async\" class=\"alignnone size-full wp-image-1712\" src=\"https:\/\/www.msc-wiesau.de\/wordpress\/wp-content\/uploads\/2024\/05\/Schindler-Mark.jpg\" alt=\"\" width=\"1336\" height=\"1013\" srcset=\"https:\/\/www.msc-wiesau.de\/wordpress\/wp-content\/uploads\/2024\/05\/Schindler-Mark.jpg 1336w, https:\/\/www.msc-wiesau.de\/wordpress\/wp-content\/uploads\/2024\/05\/Schindler-Mark-300x227.jpg 300w, https:\/\/www.msc-wiesau.de\/wordpress\/wp-content\/uploads\/2024\/05\/Schindler-Mark-1024x776.jpg 1024w, https:\/\/www.msc-wiesau.de\/wordpress\/wp-content\/uploads\/2024\/05\/Schindler-Mark-768x582.jpg 768w\" sizes=\"auto, (max-width: 767px) 89vw, (max-width: 1000px) 54vw, (max-width: 1071px) 543px, 580px\" \/><\/td>\n<\/tr>\n<tr>\n<td style=\"width: 100%; text-align: center;\"><strong><span style=\"font-family: arial, helvetica, sans-serif; font-size: 10pt;\">Gesamtsieger beim 8. Werner-Marth-Ged\u00e4chtnis-Cross-Slalom: Mark Schindler<\/span><\/strong><\/td>\n<\/tr>\n<\/tbody>\n<\/table>\n<hr \/>\n<table style=\"border-collapse: collapse; width: 41.1277%; height: 645px;\">\n<tbody>\n<tr style=\"height: 30px;\">\n<td style=\"width: 100%; height: 30px;\"><strong>Erfolge f\u00fcr Seidel und M\u00fcller bei der Deutschen Rennslalommeisterschaft 2024<\/strong><\/td>\n<\/tr>\n<tr style=\"height: 555px;\">\n<td style=\"width: 100%; height: 555px;\">Am vergangenen Wochenende fanden in Niederbayern die ersten beiden L\u00e4ufe zur Deutschen Rennslalommeisterschaft des Deutschen Motorsportverbandes (DMSB) statt. Neben der Slalommeisterschaft ein zweites Highlight im Deutschen Automobilslalomsport. Austragungsort war der Flugplatz Zainach bei Eggenfelden. Bei schwierigen Wetterverh\u00e4ltnissen zum Teil gab es Schneeschauer, gingen \u00fcber 140 Meldungen bei den ausrichteten Vereinen Eggenfelden und Hutthurm ein. Ein hochkar\u00e4tiges Starterfeld sorgte an zwei Tagen f\u00fcr Spannung trotz des Wetters in den einzelnen Klassen um die Meisterschaft. F\u00fcr die 2 Fahrer des MSC Wiesau verlief dieses Wochenende sehr erfolgreich trotz dieser Wetterkapriolen. Am Samstag bei Lauf 1 konnte sich der Mitterteicher Stefan M\u00fcller, der f\u00fcr den MSC Wiesau startet, den 2.Platz in der Gruppe H bis 1600 ccm bei 13 Teilnehmern sichern. F\u00fcr M\u00fcller der einen VW Polo einsetzt ein erfolgreicher Start in die Saison 2024. Nach seinen Erfolgen vor einer Woche bei der Deutschen Slalommeisterschaft in Schl\u00fcsselfeld wollte nat\u00fcrlich auch Sven Seidel der in der gleichen Klasse wie M\u00fcller f\u00e4hrt, ein W\u00f6rtchen mitreden um den Klassensieg. Mit 3 geworfenen Pylonen fand er sich schlie\u00dflich auf den Rang 5 der 13 Startern in der Ergebnisliste wieder. Mit diesem Ergebnis war Sven nat\u00fcrlich nicht zufrieden.\u00a0\u00a0\u00a0\u00a0\u00a0\u00a0\u00a0\u00a0\u00a0\u00a0\u00a0\u00a0\u00a0\u00a0\u00a0\u00a0\u00a0\u00a0\u00a0\u00a0\u00a0\u00a0\u00a0\u00a0\u00a0\u00a0\u00a0\u00a0\u00a0\u00a0\u00a0\u00a0\u00a0\u00a0\u00a0\u00a0\u00a0\u00a0\u00a0\u00a0\u00a0\u00a0\u00a0\u00a0\u00a0\u00a0\u00a0\u00a0\u00a0\u00a0\u00a0\u00a0\u00a0\u00a0\u00a0\u00a0\u00a0\u00a0\u00a0\u00a0\u00a0\u00a0\u00a0\u00a0\u00a0\u00a0\u00a0\u00a0\u00a0\u00a0\u00a0\u00a0\u00a0\u00a0\u00a0\u00a0\u00a0\u00a0\u00a0\u00a0\u00a0\u00a0\u00a0\u00a0\u00a0\u00a0\u00a0\u00a0\u00a0\u00a0\u00a0\u00a0\u00a0\u00a0\u00a0\u00a0\u00a0\u00a0\u00a0\u00a0\u00a0\u00a0\u00a0\u00a0\u00a0\u00a0\u00a0\u00a0\u00a0\u00a0\u00a0\u00a0\u00a0\u00a0\u00a0\u00a0\u00a0\u00a0\u00a0\u00a0\u00a0\u00a0\u00a0\u00a0\u00a0\u00a0\u00a0\u00a0\u00a0\u00a0\u00a0\u00a0\u00a0\u00a0\u00a0\u00a0\u00a0\u00a0\u00a0\u00a0\u00a0\u00a0\u00a0\u00a0\u00a0\u00a0\u00a0\u00a0\u00a0\u00a0\u00a0\u00a0\u00a0\u00a0\u00a0\u00a0\u00a0\u00a0\u00a0\u00a0\u00a0\u00a0\u00a0\u00a0\u00a0\u00a0\u00a0\u00a0\u00a0\u00a0\u00a0\u00a0\u00a0\u00a0\u00a0\u00a0\u00a0\u00a0\u00a0\u00a0\u00a0\u00a0\u00a0\u00a0\u00a0\u00a0\u00a0\u00a0\u00a0\u00a0\u00a0\u00a0\u00a0\u00a0\u00a0 Besser lief es f\u00fcr Sven dann am Sonntag bei Lauf 2 zur Deutschen Rennslalommeisterschaft 2024. Seidel pilotierte den Ex Procar Citroen C2 fulminant und am Limit durch den schnellen Parcours. Damit reichte es nicht nur zum Klassensieg vor Julius und Jan Walter, sondern er konnte sich auch \u00fcber den 1.Rang in der Division 5 freuen was wertvolle Zusatzpunkte f\u00fcr die Meisterschaft brachte. Weiter geht es in der Rennslalommeisterschaft Mitte Juni beim MSF Idst\u00e4dt ganz hoch im Hohen Norden in Schleswig-Holstein.<\/td>\n<\/tr>\n<tr style=\"height: 30px;\">\n<td style=\"width: 100%; height: 30px;\"><\/td>\n<\/tr>\n<tr style=\"height: 30px;\">\n<td style=\"width: 100%; height: 30px;\"><\/td>\n<\/tr>\n<\/tbody>\n<\/table>\n<hr \/>\n<table style=\"border-collapse: collapse; width: 98.6178%;\">\n<tbody>\n<tr>\n<td style=\"width: 100%;\"><strong>Gelungene Premiere in der Deutschen Slalommeisterschaft f\u00fcr Sven Seidel<\/strong><\/td>\n<\/tr>\n<tr>\n<td style=\"width: 100%;\">Am letzten Wochenende fanden im ADAC-Verkehrssicherheitszentrum in Schl\u00fcsselfeld die ersten beiden L\u00e4ufe der Region S\u00fcd zur Deutschen Automobil Slalommeisterschaft 2024 statt.<br \/>\nF\u00fcr den Wiesauer Sven Seidel der Auftakt um den Deutschen Titel.<br \/>\nF\u00fcr 130 Teilnehmer\/innen ging es um die ersten Punkte f\u00fcr diese Meisterschaft.<br \/>\nFr\u00fchsommerliches Wetter sorgte f\u00fcr spannenden Motorsport in allen Klassen. Der Fahrer des MSC Wiesau geht heuer erstmals mit einen Citroen C2 bei den verbesserten Fahrzeugen bis 1600 ccm an den Start. Gespannt war man nat\u00fcrlich, wie die Umstellung auf den C 2 funktioniert. Unter den 9 Konkurrenten dieser Klasse waren mit Christian Laumann aus Weinheim und dem Berliner Christian M\u00fcller zwei starke Fahrer die bereits zahlreiche Erfolge feiern konnten. Bereits im Training zeigte sich das Sven Seidel den Speed der beiden mit gehen kann. Drei Wertungsl\u00e4ufe waren am Samstag bei der Veranstaltung, die der MSC Sche\u00dflitz ausrichtete, angesagt. Um eine \u00dcberhitzung der Reifen im 3. Wertungslauf zu vermeiden fuhr Seidel etwas vorsichtiger dadurch verlor er knapp eine Sekunde auf Laumann, was\u00a0 den Klassensieg kostete. Nach Addition dieser 3 L\u00e4ufe musste sich der f\u00fcr den MSC Wiesau startende Fahrer mit 6\/10 Sekunden knapp hinter Laumann im BMW 316 mit Rang 2 zufriedengeben. Der 3.Platz auf dem Treppchen ging an den Berliner Christian M\u00fcller auf einen Peugeot 205.<br \/>\nAm Sonntag dann Runde 2 zur Deutschen Meisterschaft. Bei ver\u00e4nderten Parcours beim Slalom des AC-Ebern fand dann das Duell Seidel \/Laumann seine Fortsetzung.<br \/>\nMit 1.15.99 legte Seidel ein Top Zeit im Training vor, nur 6\/100 dahinter Christian Laumann.<br \/>\nIm 1. Wertungslauf konnte sich der Wiesauer nochmals auf 1.15.79 steigern. W\u00e4hrend Laumann in diesem Lauf zu viel riskierte und durch einen Pylonen Fehler zur\u00fcck viel. Mit 1.15.61 im 2.Lauf und 1.15.56 im 3.Lauf zeigte Sven Seidel, das er sich steigern kann und das alles Fehlerfrei. Somit konnte \u00a0der 30-j\u00e4hrige Mechatroniker aus Wiesau seinen ersten Klassensieg bei einem Deutschen Meisterschaft Lauf feiern. Platz 2 ging an Thomas G\u00fcrtler vom MSC-Nordhalben und den 3.Rang sicherte sich Christian M\u00fcller aus Berlin.<br \/>\nDer n\u00e4chste Lauf der Meisterschaft der Region S\u00fcd findet am 30.06. beim AMC Bonndorf im Schwarzwald statt.<\/td>\n<\/tr>\n<tr>\n<td style=\"width: 100%; text-align: center;\"><img loading=\"lazy\" decoding=\"async\" class=\"alignnone size-full wp-image-1694\" src=\"https:\/\/www.msc-wiesau.de\/wordpress\/wp-content\/uploads\/2024\/04\/IMG_4183-scaled.jpeg\" alt=\"\" width=\"1920\" height=\"2560\" srcset=\"https:\/\/www.msc-wiesau.de\/wordpress\/wp-content\/uploads\/2024\/04\/IMG_4183-scaled.jpeg 1920w, https:\/\/www.msc-wiesau.de\/wordpress\/wp-content\/uploads\/2024\/04\/IMG_4183-225x300.jpeg 225w, https:\/\/www.msc-wiesau.de\/wordpress\/wp-content\/uploads\/2024\/04\/IMG_4183-768x1024.jpeg 768w, https:\/\/www.msc-wiesau.de\/wordpress\/wp-content\/uploads\/2024\/04\/IMG_4183-1152x1536.jpeg 1152w, https:\/\/www.msc-wiesau.de\/wordpress\/wp-content\/uploads\/2024\/04\/IMG_4183-1536x2048.jpeg 1536w\" sizes=\"auto, (max-width: 767px) 89vw, (max-width: 1000px) 54vw, (max-width: 1071px) 543px, 580px\" \/><\/td>\n<\/tr>\n<tr>\n<td style=\"width: 100%; text-align: center;\"><span style=\"font-size: 8pt; font-family: arial, helvetica, sans-serif;\"><strong>Sven Seidel mit seinem neuen <em>Fahrzeug:<\/em>\u00a0Citroen C2<\/strong><\/span><\/td>\n<\/tr>\n<\/tbody>\n<\/table>\n<hr \/>\n<table style=\"border-collapse: collapse; width: 100%;\">\n<tbody>\n<tr>\n<td style=\"width: 100%;\"><strong>Mikka Trapp startet 2024 wieder in der Rotax Max Challenge Germany<\/strong><\/td>\n<\/tr>\n<tr>\n<td style=\"width: 100%;\">Ein weiteres Jahr im Kartrennsport steht f\u00fcr den 14-j\u00e4hrigen Mikka Trapp bevor. Der junge Nachwuchsrennfahrer des MSC Wiesau der sich 2021 den Titel in der Miniklasse sicherte und 2022 den 3.Rang bei den Junioren belegte geht in dieser Saison als einer der j\u00fcngsten Fahrer in der Seniorenklasse an den Start. Da bei den Junioren das Mindestgewicht mit Kart und Fahrer bei 145 kg liegt mit hat man intern beschlossen bei den Senioren Mindestgewicht 165 kg zu starten, um konkurrenzf\u00e4hig zu sein. Altersbedingt erlaubt es das <img loading=\"lazy\" decoding=\"async\" class=\"alignright wp-image-1681\" src=\"https:\/\/www.msc-wiesau.de\/wordpress\/wp-content\/uploads\/2024\/03\/310e6dc8-0606-468c-a98a-679f7d5790a1.jpeg\" alt=\"\" width=\"317\" height=\"211\" srcset=\"https:\/\/www.msc-wiesau.de\/wordpress\/wp-content\/uploads\/2024\/03\/310e6dc8-0606-468c-a98a-679f7d5790a1.jpeg 1600w, https:\/\/www.msc-wiesau.de\/wordpress\/wp-content\/uploads\/2024\/03\/310e6dc8-0606-468c-a98a-679f7d5790a1-300x200.jpeg 300w, https:\/\/www.msc-wiesau.de\/wordpress\/wp-content\/uploads\/2024\/03\/310e6dc8-0606-468c-a98a-679f7d5790a1-1024x683.jpeg 1024w, https:\/\/www.msc-wiesau.de\/wordpress\/wp-content\/uploads\/2024\/03\/310e6dc8-0606-468c-a98a-679f7d5790a1-768x512.jpeg 768w, https:\/\/www.msc-wiesau.de\/wordpress\/wp-content\/uploads\/2024\/03\/310e6dc8-0606-468c-a98a-679f7d5790a1-1536x1024.jpeg 1536w\" sizes=\"auto, (max-width: 317px) 100vw, 317px\" \/>Reglement in dieser Klasse zu starten auch will sich der 14-J\u00e4hrige aus Pechbrunn mit dieser Entscheidung im Rennsport weiter entwickeln. Im Seniorbereich werden die Weichen f\u00fcr die Zukunft auf eine m\u00f6gliche Karriere im Motorsport gestellt. F\u00fcr diese Saison geht es darum sich in einem internationalen Feld bei der Rotax Max Challenge Germany zu etablieren und zu behaupten. Neben dem Gewicht hat sich auch die Motorleistung des Karts gesteigert. Waren es bei den Junioren noch ca. 23 PS leistet ein Senior Motor ca. 30 PS. Bei den ersten Tests in den vergangenen Wochen in M\u00fclsen und Wackersdorf ging es darum sich an die neue Motorleistung zu gew\u00f6hnen und das Kart darauf abzustimmen. Weiterhin vertraut man auch auf das Team von Nees Racing aus Alzenau und Maranello Kart mit dem man schon mehrere Jahre erfolgreich zusammenarbeitet.<br \/>\nAuch wurden l\u00e4ngere Distanzen sogenannte Long Runs gefahren, um das Material auf Haltbarkeit zu testen. Diese Tests verliefen sehr vielversprechend und man ist gespannt auf den Saisonbeginn Ende April in Wackersdorf. Bis dahin wird es noch einige Trainingseinheiten in der Abstimmung des Karts geben, um gut vorbereitet zu sein. Die Seniorenklasse ist auch in der Saison 2024 wieder stark besetzt. Bis jetzt haben sich fast 50 Fahrer\/innen in dieser begehrten Rennserie ein geschrieben. Teilnehmer aus ganz Europa werden zu den Rennen erwartet. Nach dem Beginn am 20.4\/21.4 in Wackerdorf folgt Mitte Mai das Rennen im belgischen Genk. Am 16.Juni steht das Rennen auf dem Schweppermannring in Ampfing in S\u00fcdbayern auf dem Programm. Nach der Sommerpause folgt dann das Rennen in Kerpen auf dem Erftlandring. In der E-Arena in M\u00fclsen im September geht dann das Finale der Saison 2024 \u00fcber die B\u00fchne. Der Gewinner und der Zweitplatzierte der Seniorenklasse vertritt dann Deutschland Ende Oktober beim Weltfinale in Sarno in Italien. Dort werden dann die Weltmeister der Rotax Max Klassen gek\u00fchrt.<\/td>\n<\/tr>\n<tr>\n<td style=\"width: 100%; text-align: center;\"><img loading=\"lazy\" decoding=\"async\" class=\"alignnone size-full wp-image-1682\" src=\"https:\/\/www.msc-wiesau.de\/wordpress\/wp-content\/uploads\/2024\/03\/IMG_3464-scaled.jpeg\" alt=\"\" width=\"2560\" height=\"1458\" srcset=\"https:\/\/www.msc-wiesau.de\/wordpress\/wp-content\/uploads\/2024\/03\/IMG_3464-scaled.jpeg 2560w, https:\/\/www.msc-wiesau.de\/wordpress\/wp-content\/uploads\/2024\/03\/IMG_3464-300x171.jpeg 300w, https:\/\/www.msc-wiesau.de\/wordpress\/wp-content\/uploads\/2024\/03\/IMG_3464-1024x583.jpeg 1024w, https:\/\/www.msc-wiesau.de\/wordpress\/wp-content\/uploads\/2024\/03\/IMG_3464-768x437.jpeg 768w, https:\/\/www.msc-wiesau.de\/wordpress\/wp-content\/uploads\/2024\/03\/IMG_3464-1536x875.jpeg 1536w, https:\/\/www.msc-wiesau.de\/wordpress\/wp-content\/uploads\/2024\/03\/IMG_3464-2048x1166.jpeg 2048w\" sizes=\"auto, (max-width: 767px) 89vw, (max-width: 1000px) 54vw, (max-width: 1071px) 543px, 580px\" \/><\/td>\n<\/tr>\n<\/tbody>\n<\/table>\n<hr \/>\n<table style=\"border-collapse: collapse; width: 100%;\">\n<tbody>\n<tr>\n<td style=\"width: 100%;\"><strong>Sven Seidel startet Mitte April zur Mission: Deutsche Slalom und Rennslalom Meisterschaft 2024<\/strong><\/td>\n<\/tr>\n<tr>\n<td style=\"width: 100%;\">In knapp 4 Wochen geht es im ADAC-Fahrsicherheitszentrum in Schl\u00fcsselfeld um die ersten Punkte der Deutschen Slalom Meisterschaft 2024. F\u00fcr Sven Seidel vom MSC Wiesau geht es dann um die ersten Punkte um den Deutschen Titel im Automobilslalomsport. Der 30 j\u00e4hrige KFZ Mechatroniker war 2023 einer der erfolgreichsten Slalompiloten in Nordbayern, er sicherte sich den Titel im Regionalpokal Oberfranken sowie den Frankenslalompokal. F\u00fcr 2024 setzt sich nun der Fahrer des MSC Wiesau neue Ziele. Ende 2023 wurde ein konkurrenzf\u00e4higer Citroen C 2 aus dem ehemaligen DTC (Deutscher Tourenwagen Cup) erworben. Rund 200 PS aus 1600ccm leistet der kleine wendige Franzose. Seidel geht damit in der Gruppe H (verbesserte Fahrzeuge) bis 1600 ccm an den Start. Eingeteilt in 3 Regionen geht es dann um Meisterschaftspunke f\u00fcr das Finale des PMSC Gro\u00df D\u00f6lln in der N\u00e4he von Berlin. Der Wiesauer startet in der Region S\u00fcd neben den beiden Veranstaltungen in Schl\u00fcsselfeld z\u00e4hlen die Slaloms Bonndorf, Waldkraiburg und Zotzenbach f\u00fcr die Meisterschaft. Die besten 35 der Region S\u00fcd qualifizieren sich dann f\u00fcr die beiden Endl\u00e4ufe die am 5\/6.Oktober im Driving Center in Gro\u00df D\u00f6lln im Norden Berlins ausgetragen werden. Dort wird dann aus allen Teilnehmern der Deutsche Meister 2024 ermittelt.<br \/>\nNeben dieser Meisterschaft geht der Fahrer des MSC Wiesau auch in der Deutschen Rennslalommeisterschaft des DMSB (Deutscher Motorsport Bund) an den Start.<br \/>\nHier geht es bei in insgesamt 10 L\u00e4ufen in Deutschland, wer der Deutsche Meister im Rennslalom 2024 wird. Hier findet das Finale am 2.November auf der anspruchsvollen Rennstrecke des Bilster Berg bei Bad Driburg statt. Der 30 j\u00e4hrige Wiesauer hofft nat\u00fcrlich mit guten Leistungen ein W\u00f6rtchen, um den Titelkampf dieser Meisterschaften mit zu reden.<img loading=\"lazy\" decoding=\"async\" class=\"alignnone size-full wp-image-1669\" src=\"https:\/\/www.msc-wiesau.de\/wordpress\/wp-content\/uploads\/2024\/03\/IMG_3696.jpg\" alt=\"\" width=\"1861\" height=\"865\" srcset=\"https:\/\/www.msc-wiesau.de\/wordpress\/wp-content\/uploads\/2024\/03\/IMG_3696.jpg 1861w, https:\/\/www.msc-wiesau.de\/wordpress\/wp-content\/uploads\/2024\/03\/IMG_3696-300x139.jpg 300w, https:\/\/www.msc-wiesau.de\/wordpress\/wp-content\/uploads\/2024\/03\/IMG_3696-1024x476.jpg 1024w, https:\/\/www.msc-wiesau.de\/wordpress\/wp-content\/uploads\/2024\/03\/IMG_3696-768x357.jpg 768w, https:\/\/www.msc-wiesau.de\/wordpress\/wp-content\/uploads\/2024\/03\/IMG_3696-1536x714.jpg 1536w\" sizes=\"auto, (max-width: 767px) 89vw, (max-width: 1000px) 54vw, (max-width: 1071px) 543px, 580px\" \/><\/td>\n<\/tr>\n<tr>\n<td style=\"width: 100%; text-align: center;\"><span style=\"font-size: 8pt;\"><strong>&#8230;das ist der neue Citroen C 2 vom Sven Seidel<\/strong><\/span><\/td>\n<\/tr>\n<\/tbody>\n<\/table>\n<hr \/>\n<table style=\"border-collapse: collapse; width: 100%; height: 708px;\">\n<tbody>\n<tr style=\"height: 21px;\">\n<td style=\"width: 100%; height: 21px;\"><strong>MSC erh\u00e4lt Unterst\u00fctzung f\u00fcr Jugendarbeit<\/strong><\/td>\n<\/tr>\n<tr style=\"height: 183px;\">\n<td style=\"width: 100%; height: 183px;\">MSC erh\u00e4lt Unterst\u00fctzung f\u00fcr Jugendarbeit von der Volksbank Raiffeisenbank Nord Oberpfalz eG.<br \/>\nF\u00fcr seine Jugendarbeit erh\u00e4lt der MSC Wiesau eine Spende in H\u00f6he von 250.-\u20ac von der Volksbank Raiffeisenbank Nordoberpfalz eG. Im Rahmen einer kleinen Feierstunde fand die \u00dcbergabe in der Gesch\u00e4ftsstelle Wiesau statt.Der MSC Wiesau sagt recht herzlichen Dank!<\/td>\n<\/tr>\n<tr style=\"height: 427px;\">\n<td style=\"width: 100%; height: 427px;\"><img loading=\"lazy\" decoding=\"async\" class=\"alignnone size-full wp-image-1660\" src=\"https:\/\/www.msc-wiesau.de\/wordpress\/wp-content\/uploads\/2024\/02\/IMG_4076-scaled-e1709190926271.jpg\" alt=\"\" width=\"1621\" height=\"968\" srcset=\"https:\/\/www.msc-wiesau.de\/wordpress\/wp-content\/uploads\/2024\/02\/IMG_4076-scaled-e1709190926271.jpg 1621w, https:\/\/www.msc-wiesau.de\/wordpress\/wp-content\/uploads\/2024\/02\/IMG_4076-scaled-e1709190926271-300x179.jpg 300w, https:\/\/www.msc-wiesau.de\/wordpress\/wp-content\/uploads\/2024\/02\/IMG_4076-scaled-e1709190926271-1024x611.jpg 1024w, https:\/\/www.msc-wiesau.de\/wordpress\/wp-content\/uploads\/2024\/02\/IMG_4076-scaled-e1709190926271-768x459.jpg 768w, https:\/\/www.msc-wiesau.de\/wordpress\/wp-content\/uploads\/2024\/02\/IMG_4076-scaled-e1709190926271-1536x917.jpg 1536w\" sizes=\"auto, (max-width: 767px) 89vw, (max-width: 1000px) 54vw, (max-width: 1071px) 543px, 580px\" \/><\/p>\n<p>&nbsp;<\/td>\n<\/tr>\n<tr style=\"height: 77px;\">\n<td style=\"width: 100%; height: 77px;\">\n<p style=\"text-align: center;\"><strong><span style=\"font-family: arial, helvetica, sans-serif; font-size: 8pt;\">Bild von Links: <\/span><span style=\"font-family: arial, helvetica, sans-serif; font-size: 8pt;\">Regionalmarktleiter Harald Zottmeier, 2.Vorstand MSC Wiesau KarlHeinz <\/span><\/strong><strong><span style=\"font-family: arial, helvetica, sans-serif; font-size: 8pt;\">Dietrich, Gesch\u00e4ftsstellenleiter Egbert H\u00e4ckl<br \/>\n<\/span><\/strong><\/p>\n<\/td>\n<\/tr>\n<\/tbody>\n<\/table>\n<table style=\"border-collapse: collapse; width: 100%;\">\n<tbody>\n<tr>\n<td style=\"width: 100%;\"><strong>Ehrungen f\u00fcr Ehrenamt und Erfolge<\/strong><\/td>\n<\/tr>\n<tr>\n<td style=\"width: 100%;\">Anfang Januar fand der Neujahrsempfang 2024 der Marktgemeinde Wiesau statt. Hier wurden auch 3 Mitglieder des MSC Wiesau ausgezeichnet. Sven Seidel und Manfred Keller wurden f\u00fcr sportlichen Erfolge der Saison 2023 geehrt. F\u00fcr seine Erfolge f\u00fcr den MSC Wiesau und mehrj\u00e4hrige Verdienste in der Jugendarbeit und Engagement im Ehrenamt wurde Horst Otto Seidel von der Marktgemeinde Wiesau ausgezeichnet.<\/td>\n<\/tr>\n<tr>\n<td style=\"width: 100%; text-align: center;\"><img loading=\"lazy\" decoding=\"async\" class=\"alignnone size-full wp-image-1646\" src=\"https:\/\/www.msc-wiesau.de\/wordpress\/wp-content\/uploads\/2024\/01\/c3f60cc2-7452-4cd2-83c0-958b84dfcf8e.jpeg\" alt=\"\" width=\"1530\" height=\"938\" srcset=\"https:\/\/www.msc-wiesau.de\/wordpress\/wp-content\/uploads\/2024\/01\/c3f60cc2-7452-4cd2-83c0-958b84dfcf8e.jpeg 1530w, https:\/\/www.msc-wiesau.de\/wordpress\/wp-content\/uploads\/2024\/01\/c3f60cc2-7452-4cd2-83c0-958b84dfcf8e-300x184.jpeg 300w, https:\/\/www.msc-wiesau.de\/wordpress\/wp-content\/uploads\/2024\/01\/c3f60cc2-7452-4cd2-83c0-958b84dfcf8e-1024x628.jpeg 1024w, https:\/\/www.msc-wiesau.de\/wordpress\/wp-content\/uploads\/2024\/01\/c3f60cc2-7452-4cd2-83c0-958b84dfcf8e-768x471.jpeg 768w\" sizes=\"auto, (max-width: 767px) 89vw, (max-width: 1000px) 54vw, (max-width: 1071px) 543px, 580px\" \/><\/td>\n<\/tr>\n<tr>\n<td style=\"width: 100%; text-align: center;\"><span style=\"font-size: 8pt;\"><strong><span style=\"font-family: arial, helvetica, sans-serif;\">Von Links : Sven Seidel, 1.Vorsitzender MSC Wiesau: Franz H\u00f6cht, Manfred Keller, Horst Otto Seidel<\/span><\/strong><\/span><\/td>\n<\/tr>\n<\/tbody>\n<\/table>\n<table>\n<tbody>\n<tr>\n<td><strong>Ehrung f\u00fcr Horst Otto Seidel bei Weihnachtsfeier des MSC Wiesau<\/strong><\/td>\n<\/tr>\n<tr>\n<td><strong>Saisonabschluss mit traditioneller Weihnachtsfeier und Ehrungen<\/strong><br \/>\nAuf der gutbesuchten Veranstaltung konnte der Vorsitzende Franz H\u00f6cht wieder ein positives Fazit der abgelaufenen Saison ziehen. Neben dem BMV-Bezirksvorsitzenden Michael Sollfrank waren auch Zwei Vertreter der BRK Bereitschaft Wiesau erschienen. Beim BRK bedankte sich H\u00f6cht mit einer Spende f\u00fcr die Unterst\u00fctzung bei Veranstaltungen des ADAC Ortsclub. 2023 war wieder ein Jahr in dem die M\u00f6glichkeit bestand Veranstaltungen ohne gr\u00f6\u00dfere Einschr\u00e4nkungen durch zu f\u00fchren Insgesamt wurden neben den 5 Veranstaltungen auch wieder 10 Monatsversammlungen im MSC Clubheim abgehalten. Beim B\u00fcrgerfest war man mit einem Oldtimertreffen vertreten. Beim Ferienprogramm der Marktgemeinde war man mit einem Kartschnupperkurs dabei. Einen Automobilsalom f\u00fchrte man in Zusammenarbeit mit dem MSV Falkenberg auf dem Gel\u00e4nde des Aeroclubs Erbendorf im September durch. Auf dem KTM-Ring in H\u00f6chst\u00e4dt fand wieder ein Crossslalom statt, sowie im Wiesauer Industriegebiet ein Oldtimer Gleichm\u00e4\u00dfigkeitsveranstaltung.<br \/>\nNach den Worten von Franz H\u00f6cht nahm Karl-Heinz Dietrich die Ehrungen vor.<br \/>\nZuvor zeichnete er Funktion\u00e4re und Helfer bei den Veranstaltungen mit einem Geschenk aus. Die Ehrung der erfolgreichen Kartsportler nahmen Jugendleiter Johannes J\u00e4ger und Michael Sollfrank vom BMV-Bezirk vor.<br \/>\nIm Jugendkartslalom hei\u00dft der Meister 2023 Ben Koller. Knapp dahinter Ludwig Tischlinger vor seinem Bruder Karl. Platz 4 ging an Leonas Grabe der seine erste volle Saison absolvierte. Den Titel bei den 270er Kartslalom sicherte sich Johannes J\u00e4ger der bei der Bayerischen Meisterschaft den 6.Rang belegte. Vizemeister wurde Andreas Sirtl. Mit Platz 3 schloss Nico Sirtl die Saison ab .Julia Faltis belegte Platz 4 in ihrer ersten Saison im 270 er Bereich. Platz 5 ging hier an Simon Stoces. Kart Rundstrecken Meister wurde Mikka Trapp der wieder in der Rotax Max Challenge Germany dabei war.<br \/>\nNach den Ehrungen der Jugend und im Kartbereich stattete der Nikolaus mit Knecht Ruprecht einen Besuch ab.<br \/>\nEr lass aus seinem goldenen Buch wieder die Ereignisse des Jahres 2023 vor. So konnte er von manchen Guten aber auch kleinen Schandtaten der Aktiven berichten.<br \/>\nNach seinen Ausf\u00fchrungen \u00fcbernahm Dietrich die Ehrungen bei den Sportfahrern zusammen mit dem Kassier Daniela Seidel vor. Rallyemeister wurde Franz Negratschker Jun.. Die Rundstreckenwertung sicherte sich Werner H\u00e4rtl der mit seinem VW Golf 5 bei NAVC-Rundtrecken Rennen erfolgreich war. Die Meisterschaft bei dem Oldtimer- und Youngtimern gewann der Neue ADAC Nordbayern Champion Manfred Keller. Vizemeister wurde Hansi Walter. Platz 3 ging an Sven Seidel vor Emeram Zeitler der nach einigen Jahren wieder seinen VW Polo an den Start brachte. Sven Seidel gewann die Auomobilslalom Wertung vor Heinz Neumeier und Stefan M\u00fcller .Platz 4 f\u00fcr Hansi Walter vor Karl-Heinz Dietrich.<br \/>\nMit den Fahrern Seidel, Neumeier und Walter schaffte man den 2.Platz in der Mannschaftswertung des Regionalpokals Oberfranken. Die Wertung Orientierungsfahrten konnte Manfred Keller f\u00fcr sich entscheiden, gefolgt von Martina Mark und Hansi Walter.<br \/>\nBei den Sonderehrungen wurde Sven Seidel der drei regionale Meisterschaften gewinnen konnte (Regional Pokal Oberfranken, Franken Slalom Pokal ,Landkreis Meisterschaft) und Manfred Keller f\u00fcr seine Erfolge 2023 ausgezeichnet.<br \/>\nFranz H\u00f6cht ehrte dann die die 5 Besten bei der Vereins internen Club Meisterschaft.<br \/>\nH\u00f6hepunkt dieser Feier war dann die Ernennung von Horst Otto Seidel zum Ehrenmitglied des MSC Wiesau.<br \/>\nSeidel der 1972 in den MSC eingetreten war und \u00fcber Jahre als Aktiver, Funktion\u00e4r und Organisator sowie als Gr\u00fcnder der Jugendgruppe 1988 wertvolle Arbeit im Ehrenamt leistete. F\u00fcr diese \u00fcber 50 Jahre lange T\u00e4tigkeit ernannte in der MSC Wiesau zum Ehrenmitglied.<\/td>\n<\/tr>\n<tr>\n<td><img loading=\"lazy\" decoding=\"async\" class=\"alignnone size-full wp-image-1629\" src=\"https:\/\/www.msc-wiesau.de\/wordpress\/wp-content\/uploads\/2023\/12\/Ehrenmitglied-Horst-Otto-Seidel-scaled-e1702895397765.jpeg\" alt=\"\" width=\"1894\" height=\"1258\" srcset=\"https:\/\/www.msc-wiesau.de\/wordpress\/wp-content\/uploads\/2023\/12\/Ehrenmitglied-Horst-Otto-Seidel-scaled-e1702895397765.jpeg 1894w, https:\/\/www.msc-wiesau.de\/wordpress\/wp-content\/uploads\/2023\/12\/Ehrenmitglied-Horst-Otto-Seidel-scaled-e1702895397765-300x199.jpeg 300w, https:\/\/www.msc-wiesau.de\/wordpress\/wp-content\/uploads\/2023\/12\/Ehrenmitglied-Horst-Otto-Seidel-scaled-e1702895397765-1024x680.jpeg 1024w, https:\/\/www.msc-wiesau.de\/wordpress\/wp-content\/uploads\/2023\/12\/Ehrenmitglied-Horst-Otto-Seidel-scaled-e1702895397765-768x510.jpeg 768w, https:\/\/www.msc-wiesau.de\/wordpress\/wp-content\/uploads\/2023\/12\/Ehrenmitglied-Horst-Otto-Seidel-scaled-e1702895397765-1536x1020.jpeg 1536w\" sizes=\"auto, (max-width: 767px) 89vw, (max-width: 1000px) 54vw, (max-width: 1071px) 543px, 580px\" \/><\/td>\n<\/tr>\n<tr>\n<td style=\"text-align: center;\"><span style=\"font-family: arial, helvetica, sans-serif; font-size: 8pt;\"><strong>Links nach Rechts : Enkel Sven Seidel mit Tochter Lea, Ehrenmitglied Horst Otto Seidel,Sohn Harald Seidel , 1.Vorstand MSC Wiesau Franz H\u00f6cht<\/strong><\/span><\/td>\n<\/tr>\n<\/tbody>\n<\/table>\n","protected":false},"excerpt":{"rendered":"<p>Ehrungen der Motorsportler und R\u00fcckschau auf die Saison beim MSC Wiesau Traditionell mit der Weihnachtsfeier feierte der MSC Wiesau den Abschluss der Saison 2024. Im Gasthof Bayerischer Hof konnte letzten Samstag der 1.Vorsitzender Franz H\u00f6cht neben zahlreichen Clubmitgliedern auch den 2.B\u00fcrgermeister der Marktgemeinde Wiesau Michael Dutz begr\u00fc\u00dfen. Auch Ehrenmitglied Horst Otto Seidel lie\u00df es sich &hellip; <\/p>\n<p class=\"link-more\"><a href=\"https:\/\/www.msc-wiesau.de\/wordpress\/msc-wiesau-aktuell-2024\/\" class=\"more-link\"><span class=\"screen-reader-text\">\u201eMSC Wiesau Aktuell 2024\u201c<\/span> weiterlesen<\/a><\/p>\n","protected":false},"author":1,"featured_media":0,"parent":0,"menu_order":0,"comment_status":"closed","ping_status":"closed","template":"","meta":{"_crdt_document":"","footnotes":""},"class_list":["post-1639","page","type-page","status-publish","hentry"],"publishpress_future_action":{"enabled":false,"date":"2026-05-07 03:16:44","action":"change-status","newStatus":"draft","terms":[],"taxonomy":"","extraData":[]},"publishpress_future_workflow_manual_trigger":{"enabledWorkflows":[]},"_links":{"self":[{"href":"https:\/\/www.msc-wiesau.de\/wordpress\/wp-json\/wp\/v2\/pages\/1639","targetHints":{"allow":["GET"]}}],"collection":[{"href":"https:\/\/www.msc-wiesau.de\/wordpress\/wp-json\/wp\/v2\/pages"}],"about":[{"href":"https:\/\/www.msc-wiesau.de\/wordpress\/wp-json\/wp\/v2\/types\/page"}],"author":[{"embeddable":true,"href":"https:\/\/www.msc-wiesau.de\/wordpress\/wp-json\/wp\/v2\/users\/1"}],"replies":[{"embeddable":true,"href":"https:\/\/www.msc-wiesau.de\/wordpress\/wp-json\/wp\/v2\/comments?post=1639"}],"version-history":[{"count":48,"href":"https:\/\/www.msc-wiesau.de\/wordpress\/wp-json\/wp\/v2\/pages\/1639\/revisions"}],"predecessor-version":[{"id":1964,"href":"https:\/\/www.msc-wiesau.de\/wordpress\/wp-json\/wp\/v2\/pages\/1639\/revisions\/1964"}],"wp:attachment":[{"href":"https:\/\/www.msc-wiesau.de\/wordpress\/wp-json\/wp\/v2\/media?parent=1639"}],"curies":[{"name":"wp","href":"https:\/\/api.w.org\/{rel}","templated":true}]}}